{"id":11541,"date":"2021-03-28T20:00:21","date_gmt":"2021-03-28T18:00:21","guid":{"rendered":"https:\/\/www.tamaramelissa.cz\/ritualy\/vnitrni-zena-leceni-vztahu-s-matkou-it\/"},"modified":"2021-03-28T20:00:21","modified_gmt":"2021-03-28T18:00:21","slug":"vnitrni-zena-leceni-vztahu-s-matkou-it","status":"publish","type":"ritual","link":"https:\/\/www.tamaramelissa.cz\/it\/riti\/vnitrni-zena-leceni-vztahu-s-matkou-it\/","title":{"rendered":"Vnit\u0159n\u00ed \u017eena + l\u00e9\u010den\u00ed vztahu s matkou IT"},"content":{"rendered":"<p>Jak se c\u00edt\u00ed\u0161 jako \u017eena? Jak se c\u00edt\u00ed\u0161 ve sv\u00e9 roli matky? \u017dije\u0161 archetyp \u201ezl\u00e9\u201c nebo \u201ep\u0159edobr\u00e9\u201c matky? Nebo se v\u016fbec boj\u00ed\u0161 st\u00e1t se matkou? Nebo zji\u0161\u0165uje\u0161, \u017ee se ve vztahu s partnerem chov\u00e1\u0161 sp\u00ed\u0161e jako matka ne\u017e jako \u017eena? Mo\u017en\u00e1 za\u010d\u00edn\u00e1\u0161 vn\u00edmat, jak moc je toto v\u0161e tak\u00e9 spojeno s Tv\u00fdm d\u011btstv\u00edm a chov\u00e1n\u00edm a cel\u00fdm \u017eivotem Tv\u00e9 matky\u2026 Na\u0161e matka je \u017eenou, se kterou se od narozen\u00ed nev\u011bdom\u011b identifikujeme a takovou \u017eenou se st\u00e1v\u00e1me\u2026 je obrazem na\u0161\u00ed vnit\u0159n\u00ed \u017eeny, kter\u00fd v\u0161ak m\u016f\u017eeme prom\u011bnit\u2026<\/p><p>Budeme spole\u010dn\u011b pracovat na l\u00e9\u010den\u00ed vztahu s na\u0161\u00ed vlastn\u00ed matkou\u2026zahoj\u00edme r\u00e1ny, dosyt\u00edme pr\u00e1zdnotu, p\u0159est\u0159ihneme ji\u017e d\u00e1vno p\u0159esluhuj\u00edc\u00ed pupe\u010dn\u00ed \u0161\u0148\u016fru a odevzd\u00e1me nefunk\u010dn\u00ed vzorce\u2026skrze l\u00e9\u010den\u00ed cel\u00e9 \u017eensk\u00e9 linie p\u0159ijmeme zp\u011bt svou \u017eenskou s\u00edlu a otev\u0159eme sv\u00e1 srdce jej\u00ed podpo\u0159e\u2026<br\/><br\/>P\u0159izveme tak k sob\u011b zp\u011bt na\u0161i energii, kter\u00e1 ji\u017e nemus\u00ed b\u00fdt v\u00e1z\u00e1na v m\u00edstech na\u0161\u00ed bolesti a m\u016f\u017eeme ji tak pou\u017e\u00edt k vytv\u00e1\u0159en\u00ed hojnosti (n\u011bkdy i v podob\u011b tou\u017eebn\u011b o\u010dek\u00e1van\u00e9ho d\u00edt\u011bte) pro na\u0161e \u017eivoty a \u017eivoty na\u0161ich milovan\u00fdch\u2026<\/p><figure class=\"wp-block-image alignwide size-large\"><img fetchpriority=\"high\" decoding=\"async\" width=\"960\" height=\"640\" src=\"https:\/\/www.tamaramelissa.cz\/wp-content\/uploads\/2021\/02\/Mamka-a-ja-50.jpg\" alt=\"\" class=\"wp-image-10409\" srcset=\"https:\/\/www.tamaramelissa.cz\/wp-content\/uploads\/2021\/02\/Mamka-a-ja-50.jpg 960w, https:\/\/www.tamaramelissa.cz\/wp-content\/uploads\/2021\/02\/Mamka-a-ja-50-300x200.jpg 300w, https:\/\/www.tamaramelissa.cz\/wp-content\/uploads\/2021\/02\/Mamka-a-ja-50-768x512.jpg 768w, https:\/\/www.tamaramelissa.cz\/wp-content\/uploads\/2021\/02\/Mamka-a-ja-50-600x400.jpg 600w\" sizes=\"(max-width: 960px) 100vw, 960px\" \/><\/figure><h3 class=\"wp-block-heading\">Nejbli\u017e\u0161\u00ed term\u00edn a v\u00edce info:<\/h3><ul class=\"wp-block-list\"><li><a rel=\"noreferrer noopener\" href=\"http:\/\/www.tamaramelissa.cz\/detailakce\/436-vnitrni-zena-a-leceni-vztahu-s.html\" target=\"_blank\">4. &#8211; 6. prosince 2020<\/a><\/li><\/ul><h3 class=\"wp-block-heading\">M\u00e1te-li dotazy:<\/h3><p>Zuzka, e-mail:\u00a0<a href=\"mailto:zuzka@tamaramelissa.cz,\">zuzka@tamaramelissa.cz,<\/a>\u00a0tel. 775 987 967<\/p>","protected":false},"template":"","class_list":["post-11541","ritual","type-ritual","status-publish","hentry"],"aioseo_notices":[],"_links":{"self":[{"href":"https:\/\/www.tamaramelissa.cz\/it\/wp-json\/wp\/v2\/ritual\/11541","targetHints":{"allow":["GET"]}}],"collection":[{"href":"https:\/\/www.tamaramelissa.cz\/it\/wp-json\/wp\/v2\/ritual"}],"about":[{"href":"https:\/\/www.tamaramelissa.cz\/it\/wp-json\/wp\/v2\/types\/ritual"}],"wp:attachment":[{"href":"https:\/\/www.tamaramelissa.cz\/it\/wp-json\/wp\/v2\/media?parent=11541"}],"curies":[{"name":"wp","href":"https:\/\/api.w.org\/{rel}","templated":true}]}}