{"id":11540,"date":"2021-03-28T19:59:24","date_gmt":"2021-03-28T17:59:24","guid":{"rendered":"https:\/\/www.tamaramelissa.cz\/ritualy\/mesicni-chyse-prvni-menstruace-prechod-do-dospelosti-it\/"},"modified":"2021-03-28T19:59:24","modified_gmt":"2021-03-28T17:59:24","slug":"mesicni-chyse-prvni-menstruace-prechod-do-dospelosti-it","status":"publish","type":"ritual","link":"https:\/\/www.tamaramelissa.cz\/it\/riti\/mesicni-chyse-prvni-menstruace-prechod-do-dospelosti-it\/","title":{"rendered":"M\u011bs\u00ed\u010dn\u00ed ch\u00fd\u0161e &#8211; prvn\u00ed menstruace &#8211; p\u0159echod do dosp\u011blosti IT"},"content":{"rendered":"<p>Na\u0161e menstrua\u010dn\u00ed krev je posv\u00e1tn\u00e1- skrze ni se spojujeme se svou \u017eenskou esenc\u00ed&#8230; Jen n\u00e1m o tom na\u0161e maminky a babi\u010dky v\u011bt\u0161inou ne\u0159ekly&#8230; Kouzeln\u00e1 \u010derven\u00e1 nit byla p\u0159etr\u017eena&#8230; Ale my dnes m\u016f\u017eeme znovu nav\u00e1zat prad\u00e1vn\u00e9 spojen\u00ed, kter\u00e9 posilovalo generace \u017een p\u0159ed n\u00e1mi&#8230;<br\/>Spojen\u00ed, kter\u00e9 l\u00e9\u010dilo a znovu m\u016f\u017ee l\u00e9\u010dit n\u00e1s samotn\u00e9, na\u0161i rodinu a celou Matku Zemi&#8230; M\u00e1me \u0161anci v sob\u011b probudit sp\u00edc\u00ed potenci\u00e1l \u017eenskosti&#8230; M\u016f\u017eeme l\u00e9\u010dit na\u0161e zran\u011bn\u00ed t\u011bla i du\u0161e, p\u0159ijmout sebe takov\u00e9, jak\u00e9 jsme a radovat se z daru b\u00fdt \u017eenou&#8230;<\/p><figure class=\"wp-block-image alignwide size-large\"><img fetchpriority=\"high\" decoding=\"async\" width=\"212\" height=\"300\" src=\"https:\/\/www.tamaramelissa.cz\/wp-content\/uploads\/2021\/02\/Chyse.png\" alt=\"\" class=\"wp-image-10414\"\/><\/figure><p>Ka\u017ed\u00fd rok, uprost\u0159ed l\u00e9ta.<\/p><h3 class=\"wp-block-heading\">Nejbli\u017e\u0161\u00ed term\u00edny:<\/h3><ul class=\"wp-block-list\"><li>29.7. &#8211; 1.8. 2021 je ji\u017e obsazen, nov\u00fd term\u00edn je\u00a0<\/li><li>22. &#8211; 25.7.2021:<strong>\u00a0<a href=\"http:\/\/www.tamaramelissa.cz\/detailakce\/561-mesicni-chyse-ritual-leceni-vztahu.html\">http:\/\/www.tamaramelissa.cz\/detailakce\/561-mesicni-chyse-ritual-leceni-vztahu.html<\/a>\u00a0<\/strong><\/li><\/ul><h3 class=\"wp-block-heading\">V\u00edce info:<\/h3><p>Zuzka, e-mail:\u00a0<a href=\"mailto:zuzka@tamaramelissa.cz,\">zuzka@tamaramelissa.cz,<\/a>\u00a0tel. 775 987 967<\/p>","protected":false},"template":"","class_list":["post-11540","ritual","type-ritual","status-publish","hentry"],"aioseo_notices":[],"_links":{"self":[{"href":"https:\/\/www.tamaramelissa.cz\/it\/wp-json\/wp\/v2\/ritual\/11540","targetHints":{"allow":["GET"]}}],"collection":[{"href":"https:\/\/www.tamaramelissa.cz\/it\/wp-json\/wp\/v2\/ritual"}],"about":[{"href":"https:\/\/www.tamaramelissa.cz\/it\/wp-json\/wp\/v2\/types\/ritual"}],"wp:attachment":[{"href":"https:\/\/www.tamaramelissa.cz\/it\/wp-json\/wp\/v2\/media?parent=11540"}],"curies":[{"name":"wp","href":"https:\/\/api.w.org\/{rel}","templated":true}]}}