{"id":11538,"date":"2021-03-28T19:57:53","date_gmt":"2021-03-28T17:57:53","guid":{"rendered":"https:\/\/www.tamaramelissa.cz\/ritualy\/vlastni-poceti-porod-a-znovuzrozeni-it\/"},"modified":"2021-03-28T19:57:53","modified_gmt":"2021-03-28T17:57:53","slug":"vlastni-poceti-porod-a-znovuzrozeni-it","status":"publish","type":"ritual","link":"https:\/\/www.tamaramelissa.cz\/it\/riti\/vlastni-poceti-porod-a-znovuzrozeni-it\/","title":{"rendered":"Vlastn\u00ed po\u010det\u00ed, porod a znovuzrozen\u00ed IT"},"content":{"rendered":"<p>Z\u00e1\u017eitek na\u0161eho vlastn\u00edho zrozen\u00ed je jedn\u00edm ze z\u00e1kladn\u00edch sem\u00ednek na\u0161eho stromu \u017eivota\u2026To, co jsme tehdy pro\u017eili, p\u0159\u00edmo ovliv\u0148uje n\u00e1\u0161 sou\u010dasn\u00fd \u017eivot\u2026 to, co pro\u017eilo na\u0161e nov\u00e9 t\u011blo, na\u0161e psychika, na\u0161e srdce\u2026 z toho rostou v\u011btve, kv\u011bty a plody ve\u0161ker\u00e9ho na\u0161eho kon\u00e1n\u00ed a pro\u017e\u00edv\u00e1n\u00ed, v\u0161ech na\u0161ich vztah\u016f (p\u0159edev\u0161\u00edm k rodi\u010d\u016fm, partner\u016fm a d\u011btem), po\u010d\u00ednaje vztahem sama k sob\u011b\u2026 Pokud jsme pro\u017eili i sebem\u00e9n\u011b traumatizuj\u00edc\u00ed zku\u0161enost, existuj\u00ed techniky, kter\u00fdmi ji m\u016f\u017eeme prom\u011bnit\u2026 a zm\u011bnit tak i to, co v na\u0161em nyn\u011bj\u0161\u00edm \u017eivot\u011b nefunguje \u010di nen\u00ed v harmonii\u2026<\/p><p>Porod ur\u010duje tak\u00e9 na\u0161i schopnost B\u00ddT (kdy\u017e n\u00e1m na\u0161e prvotn\u00ed poporodn\u00ed emoce ukazuje, \u017ee sv\u011bt je<br\/>radostn\u00e9 m\u00edsto k \u017eivotu) \u2013 tu nej\u010dist\u0161\u00ed \u017eenskou esenci, ze kter\u00e9 \u010dasto nev\u011bdom\u011b ut\u00edk\u00e1me do mu\u017esk\u00e9<br\/>kvality KONAT (kdy\u017e jsme hned po zrozen\u00ed odneseni od matky a d\u00edky tomu nuceni bojovat o \u017eivot)\u2026<\/p><p>Budeme se n\u011b\u017en\u011b i dynamicky no\u0159it do tohoto \u010dasu na po\u010d\u00e1tku na\u0161eho \u017eivota\u2026 abychom prom\u011bnili strach v l\u00e1sku a d\u016fv\u011bru, nejistotu v bezpe\u010d\u00ed, odm\u00edtnut\u00ed v p\u0159ijet\u00ed\u2026a v hlubok\u00e9m pro\u017eitku znovuzrozen\u00ed otev\u0159eli o\u010di do \u010dist\u00e9ho sv\u011btla nov\u00e9ho \u017divota\u2026a dok\u00e1zali tak tak\u00e9 p\u0159iv\u00e1d\u011bt na sv\u011bt vlastn\u00ed d\u011bti v atmosf\u00e9\u0159e l\u00e1sky, respektu a n\u011bhy (a pokud se tak nestalo, tuto bolest zahojit)\u2026<\/p><figure class=\"wp-block-image alignwide size-large\"><img fetchpriority=\"high\" decoding=\"async\" width=\"778\" height=\"1000\" src=\"https:\/\/www.tamaramelissa.cz\/wp-content\/uploads\/2021\/02\/porod-a-znovuzrozeni.jpg\" alt=\"\" class=\"wp-image-10420\" srcset=\"https:\/\/www.tamaramelissa.cz\/wp-content\/uploads\/2021\/02\/porod-a-znovuzrozeni.jpg 778w, https:\/\/www.tamaramelissa.cz\/wp-content\/uploads\/2021\/02\/porod-a-znovuzrozeni-233x300.jpg 233w, https:\/\/www.tamaramelissa.cz\/wp-content\/uploads\/2021\/02\/porod-a-znovuzrozeni-768x987.jpg 768w, https:\/\/www.tamaramelissa.cz\/wp-content\/uploads\/2021\/02\/porod-a-znovuzrozeni-600x771.jpg 600w\" sizes=\"(max-width: 778px) 100vw, 778px\" \/><\/figure><h3 class=\"wp-block-heading\">V\u00edce info:<\/h3><p>Zuzka, e-mail:\u00a0<a href=\"mailto:zuzka@tamaramelissa.cz,\">zuzka@tamaramelissa.cz,<\/a>\u00a0tel. 775 987 967<\/p>","protected":false},"template":"","class_list":["post-11538","ritual","type-ritual","status-publish","hentry"],"aioseo_notices":[],"_links":{"self":[{"href":"https:\/\/www.tamaramelissa.cz\/it\/wp-json\/wp\/v2\/ritual\/11538","targetHints":{"allow":["GET"]}}],"collection":[{"href":"https:\/\/www.tamaramelissa.cz\/it\/wp-json\/wp\/v2\/ritual"}],"about":[{"href":"https:\/\/www.tamaramelissa.cz\/it\/wp-json\/wp\/v2\/types\/ritual"}],"wp:attachment":[{"href":"https:\/\/www.tamaramelissa.cz\/it\/wp-json\/wp\/v2\/media?parent=11538"}],"curies":[{"name":"wp","href":"https:\/\/api.w.org\/{rel}","templated":true}]}}