{"id":11536,"date":"2021-03-28T19:35:31","date_gmt":"2021-03-28T17:35:31","guid":{"rendered":"https:\/\/www.tamaramelissa.cz\/gdpr\/"},"modified":"2021-03-28T19:35:31","modified_gmt":"2021-03-28T17:35:31","slug":"gdpr","status":"publish","type":"page","link":"https:\/\/www.tamaramelissa.cz\/it\/gdpr\/","title":{"rendered":"GDPR"},"content":{"rendered":"<p>Mil\u00e9 klientky,\u00a0 klienti a n\u00e1v\u0161t\u011bvn\u00edci m\u00fdch webov\u00fdch str\u00e1nek<\/p><p>beru ochranu va\u0161ich soukrom\u00fdch \u00fadaj\u016f v\u00e1\u017en\u011b, seznamte se, pros\u00edm, se z\u00e1sadami jejich zpracov\u00e1n\u00ed a pr\u00e1vy, kter\u00e9 m\u00e1te (jako\u017eto subjekty \u00fadaj\u016f) v souvislosti s GDPR (anglick\u00e1 zkratka pro Na\u0159\u00edzen\u00ed o\u00a0ochran\u011b osobn\u00edch \u00fadaj\u016f).<\/p><p>Najdete zde informace t\u00fdkaj\u00edc\u00ed se jak ochrany osobn\u00edch \u00fadaj\u016f poskytnut\u00fdch n\u00e1v\u0161t\u011bvn\u00edky webov\u00fdch str\u00e1nek:\u00a0<a href=\"http:\/\/www.tamaramelissa.cz\/\">www.tamaramelissa.cz<\/a>, tak ochrany osobn\u00edch \u00fadaj\u016f poskytnut\u00fdch spole\u010dnosti Tamara Melissa \u2013 Cesta \u017deny, s.r.o. anebo Mgr. Tamara Melissa jako OSV\u010c p\u0159\u00edmo klientkami a klienty i z\u00e1jemkyn\u011bmi a z\u00e1jemci o m\u00e9 slu\u017eby a produkty, a to jakoukoliv cestou (osobn\u011b, telefonicky, elektronickou po\u0161tou, p\u00edsemn\u011b apod.).<\/p><h3 class=\"wp-block-heading\">Spr\u00e1vce osobn\u00edch \u00fadaj\u016f<\/h3><p>Provozovatelem v\u00fd\u0161e uveden\u00fdch webov\u00fdch str\u00e1nek, p\u0159\u00edpadn\u011b dal\u0161\u00edch dce\u0159in\u00fdch str\u00e1nek a e-shop\u016f, semin\u00e1\u0159\u016f a dal\u0161\u00edch \u017eiv\u00fdch akc\u00ed nebo konzultac\u00ed je:<\/p><p><strong>Tamara Melissa \u2013 Cesta \u017deny s.r.o.<br\/><\/strong>I\u010c: 056 42 027, se s\u00eddlem 5. Kv\u011btna 173, 252 66 Lib\u010dice nad Vltavou,<br\/>zapsan\u00e1 v obchodn\u00edm rejst\u0159\u00edku veden\u00e9m M\u011bstsk\u00fdm soudem v\u00a0Praze, odd\u00edl C, vlo\u017eka 268150<\/p><p>Jedin\u00fdm spole\u010dn\u00edkem a jednatelkou firmy je Mgr. Tamara Melissa<br\/>(d\u00e1le jen\u00a0\u201eSpr\u00e1vce\u201c)<br\/><br\/>kontaktn\u00ed osoba: Tamara Melissa<br\/>koresponden\u010dn\u00ed adresa:\u00a0Ulrychova 6, 162 00 Praha 6<br\/>kontaktn\u00ed telefon: +420 604 835 943<br\/>kontaktn\u00ed email: tamara@cestazeny.cz<\/p><h3 class=\"wp-block-heading\">Bezpe\u010dnost<\/h3><p>Spole\u010dnost Tamara Melissa \u2013 Cesta \u017deny, s.r.o. i Mgr. Tamara Melissa jako OSV\u010c p\u0159ij\u00edm\u00e1 technick\u00e1 a organiza\u010dn\u00ed bezpe\u010dnostn\u00ed opat\u0159en\u00ed, aby chr\u00e1nila va\u0161e osobn\u00ed \u00fadaje, kter\u00e9 zpracov\u00e1v\u00e1, proti manipulaci, ztr\u00e1t\u011b, zni\u010den\u00ed a z\u00e1sahu nepovolan\u00fdch osob.<\/p><h3 class=\"wp-block-heading\">Pr\u00e1vo na informace<\/h3><p>Na po\u017e\u00e1d\u00e1n\u00ed v\u00e1m Tamara Melissa \u2013 Cesta \u017deny, s.r.o. i Mgr. Tamara Melissa podle mo\u017enosti obratem a p\u00edsemn\u011b (elektronickou formou) ozn\u00e1m\u00ed, zda a jak\u00e9 osobn\u00ed \u00fadaje m\u00e1 o v\u00e1s zaznamenan\u00e9. Pokud by navzdory m\u00fdm snah\u00e1m o spr\u00e1vnost \u00fadaj\u016f a aktu\u00e1lnost byly zaznamen\u00e1ny nespr\u00e1vn\u00e9 informace, na po\u017e\u00e1d\u00e1n\u00ed je oprav\u00edme.<\/p><p>Pokud m\u00e1te ot\u00e1zky t\u00fdkaj\u00edc\u00ed se zpracov\u00e1n\u00ed va\u0161ich osobn\u00edch \u00fadaj\u016f, m\u016f\u017eete je sm\u011b\u0159ovat na tamara@cestazeny.cz, kde v\u00e1m jsem k dispozici nejen v p\u0159\u00edpad\u011b \u017e\u00e1dosti o informace, ale i\u00a0 v\u00a0p\u0159\u00edpad\u011b podn\u011bt\u016f nebo st\u00ed\u017enost\u00ed.<\/p><p>Prohla\u0161uji, \u017ee jako spr\u00e1vce va\u0161ich osobn\u00edch \u00fadaj\u016f spl\u0148uji ve\u0161ker\u00e9 z\u00e1konn\u00e9 povinnosti vy\u017eadovan\u00e9 platnou legislativou, zejm\u00e9na z\u00e1konem o ochran\u011b osobn\u00edch \u00fadaj\u016f a GDPR, a tedy \u017ee: budu zpracov\u00e1vat va\u0161e osobn\u00ed \u00fadaje jen na z\u00e1klad\u011b platn\u00e9ho pr\u00e1vn\u00edho d\u016fvodu, a to p\u0159edev\u0161\u00edm opr\u00e1vn\u011bn\u00e9ho z\u00e1jmu, pln\u011bn\u00ed smlouvy, z\u00e1konn\u00e9 povinnosti \u010di ud\u011blen\u00e9ho souhlasu, pln\u00edm dle \u010dl\u00e1nku 13 GDPR informa\u010dn\u00ed povinnost je\u0161t\u011b p\u0159ed zah\u00e1jen\u00edm zpracov\u00e1n\u00ed osobn\u00edch \u00fadaj\u016f, umo\u017en\u00edm v\u00e1m a budu v\u00e1s podporovat v uplat\u0148ov\u00e1n\u00ed a pln\u011bn\u00ed va\u0161ich pr\u00e1v podle z\u00e1kona o ochran\u011b osobn\u00edch \u00fadaj\u016f a GDPR.<\/p><h3 class=\"wp-block-heading\">Z\u00edsk\u00e1v\u00e1n\u00ed a zpracov\u00e1v\u00e1n\u00ed osobn\u00edch \u00fadaj\u016f<\/h3><p>Osobn\u00ed \u00fadaje zaznamen\u00e1v\u00e1m a zpracov\u00e1v\u00e1m jen tehdy, kdy\u017e mi je dobrovoln\u011b poskytnete, nap\u0159\u00edklad v r\u00e1mci p\u0159ihl\u00e1\u0161ky na semin\u00e1\u0159, registrac\u00ed k newsletteru, v anket\u011b, atd.<\/p><p>Osobn\u00ed \u00fadaje mohou spadat do kategorie \u201eb\u011b\u017en\u00fdch osobn\u00edch \u00fadaj\u016f\u201c anebo m\u016f\u017ee j\u00edt o\u00a0zvl\u00e1\u0161tn\u00ed kategorie \u00fadaj\u016f, tj. citliv\u00e9 \u00fadaje, kdy pro jejich zpracov\u00e1n\u00ed pr\u00e1vn\u00ed p\u0159edpisy stanov\u00ed p\u0159\u00edsn\u011bj\u0161\u00ed podm\u00ednky.<\/p><ul class=\"wp-block-list\"><li>B\u011b\u017en\u00e9 osobn\u00ed \u00fadaje, kter\u00e9 zpracov\u00e1v\u00e1m:<\/li><\/ul><p>Jm\u00e9no, p\u0159\u00edjmen\u00ed, adresa, I\u010c, DI\u010c (tyto identifika\u010dn\u00ed \u010d\u00edsla pouze pokud objedn\u00e1v\u00e1te jako podnikatel) telefonn\u00ed \u010d\u00edslo, e-mail, datum narozen\u00ed, IP adresa, informace o objednan\u00fdch\u00a0produktech a slu\u017eb\u00e1ch, informace o\u00a0tom, jak\u00e9 produkty jste si ode mne koupili, informace o tom, jak\u00e9 slu\u017eby jsem v\u00e1m poskytla, fotografie z \u017eiv\u00fdch akc\u00ed a semin\u00e1\u0159\u016f, kter\u00fdch jste se z\u00fa\u010dastnili, p\u0159\u00edpadn\u011b videoz\u00e1znamy z\u00a0t\u011bchto akc\u00ed, pokud jsou po\u0159izov\u00e1ny. Po\u0159izov\u00e1n\u00ed videoz\u00e1znam\u016f na m\u00fdch akc\u00edch pro marketingov\u00e9 \u00fa\u010dely je v\u0161ak zcela v\u00fdjime\u010dn\u00e9 a po\u0159izuji je na akc\u00edch k\u00a0tomu speci\u00e1ln\u011b ur\u010den\u00fdch a s\u00a0p\u00edsemn\u00fdm souhlasem v\u0161ech \u00fa\u010dastn\u00edk\u016f, kte\u0159\u00ed o nat\u00e1\u010den\u00ed v\u011bd\u00ed ji\u017e p\u0159i p\u0159ihla\u0161ov\u00e1n\u00ed na akci. U b\u011b\u017en\u00fdch akc\u00ed \u017e\u00e1dn\u00e9 videonat\u00e1\u010den\u00ed neprov\u00e1d\u00edm, aby byla zachov\u00e1na diskr\u00e9tnost.<\/p><p>D\u00e1le jsem r\u00e1da, pokud mi nap\u0159. p\u0159i konzultaci poskytnete i dal\u0161\u00ed nepovinn\u00e9 osobn\u00ed \u00fadaje jako nap\u0159\u00edklad: datum narozen\u00ed, povol\u00e1n\u00ed, zku\u0161enosti s\u00a0kurzy ap. Poskytnut\u00ed t\u011bchto dal\u0161\u00edch \u00fadaj\u016f v\u0161ak pros\u00edm pova\u017eujte za dobrovoln\u00e9. Moj\u00ed snahou je v\u011bd\u011bt o V\u00e1s informace, dle kter\u00fdch mohu sv\u00e9 slu\u017eby l\u00e9pe p\u0159izp\u016fsobit v\u011bkov\u00e9 skupin\u011b, vzd\u011bl\u00e1n\u00ed, z\u00e1jm\u016fm a zku\u0161enostem \u00fa\u010dastn\u00edk\u016f a tak jim p\u0159in\u00e9st maxim\u00e1ln\u00ed u\u017eitek.<\/p><ul class=\"wp-block-list\"><li>Zvl\u00e1\u0161tn\u00ed kategorie osobn\u00edch \u00fadaj\u016f (\u201ecitliv\u00e9\u201c osobn\u00ed \u00fadaje), kter\u00e9 zpracov\u00e1v\u00e1m:<\/li><\/ul><p>M\u00fdmi \u00fast\u0159edn\u00edmi t\u00e9maty jsou \u017eenstv\u00ed, partnerstv\u00ed, intimita, sexualita a osobn\u00ed rozvoj a tak v\u00a0r\u00e1mci \u017eiv\u00fdch akc\u00ed (v\u010detn\u011b semin\u00e1\u0159\u016f) \u010di konzultac\u00ed m\u016f\u017ee doch\u00e1zet i ke sd\u00edlen\u00ed informac\u00ed t\u00fdkaj\u00edc\u00edch se va\u0161eho zdravotn\u00edho stavu, a\u0165 ji\u017e fyzick\u00e9ho nebo psychick\u00e9ho, intimity, sexuality, stavu partnerstv\u00ed ap. Sd\u00edlen\u00ed t\u011bchto informac\u00ed v\u0161ak nen\u00ed z\u00a0Va\u0161\u00ed strany nutn\u00e9 ani povinn\u00e9 a je pln\u011b na va\u0161em dobrovoln\u00e9m uv\u00e1\u017een\u00ed, jak\u00e9 osobn\u00ed \u00fadaje o sv\u00e9 osob\u011b p\u0159\u00edpadn\u011b sd\u011bl\u00edte mn\u011b nebo ostatn\u00edm \u00fa\u010dastn\u00edk\u016fm. T\u00fdk\u00e1 se to nap\u0159\u00edklad va\u0161ich specifick\u00fdch dotaz\u016f nebo sd\u00edlen\u00ed probl\u00e9m\u016f ve va\u0161em \u017eivot\u011b a podobn\u011b, p\u0159\u00edpadn\u011b dal\u0161\u00ed citliv\u00e9 nebo osobn\u00ed \u00fadaje, kter\u00e9 chcete sami sd\u00edlet.<\/p><p>Tyto \u00fadaje spadaj\u00ed mezi tzv. zvl\u00e1\u0161tn\u00ed kategorie osobn\u00edch \u00fadaj\u016f a pro zach\u00e1zen\u00ed s\u00a0nimi jsou stanovena p\u0159\u00edsn\u011bj\u0161\u00ed pravidla. V\u00edce se do\u010dtete v\u00a0dal\u0161\u00edm textu. Tyto \u00fadaje slou\u017e\u00ed k\u00a0napln\u011bn\u00ed \u00fa\u010delu m\u00fdch slu\u017eeb a nejsou ur\u010deny k\u00a0dal\u0161\u00edmu zpracov\u00e1n\u00ed, a proto p\u0159edpokl\u00e1d\u00e1m, \u017ee ani ostatn\u00ed \u00fa\u010dastn\u00edci je nebudou nijak d\u00e1le zpracov\u00e1vat, pokud k\u00a0tomu nebudou m\u00edt \u017e\u00e1dn\u00fd z\u00e1konn\u00fd d\u016fvod, a budou respektovat soukrom\u00ed ostatn\u00edch \u00fa\u010dastn\u00edk\u016f. V\u00a0p\u0159\u00edpad\u011b osobn\u00edch konzultac\u00ed, b\u011bhem kter\u00fdch se mnou sd\u00edl\u00edte dobrovoln\u011b citliv\u00e9 osobn\u00ed \u00fadaje, nejsou tyto \u00fadaje po skon\u010den\u00ed konzultace (s\u00e9rie konzultac\u00ed) nikde uchov\u00e1v\u00e1ny ani p\u0159ed\u00e1v\u00e1ny dal\u0161\u00edm osob\u00e1m ani d\u00e1le zpracov\u00e1v\u00e1ny. Zachov\u00e1v\u00e1m maxim\u00e1ln\u00ed diskr\u00e9tnost.<\/p><p>V\u00a0t\u011bchto v\u00fd\u0161e uveden\u00fdch p\u0159\u00edpadech kurz\u016f, konzultac\u00ed a i ve\u0161ker\u00e9 Va\u0161\u00ed p\u0159\u00edpadn\u00e9 dal\u0161\u00ed komunikace se mnou i mimo kurzy a konzultace pova\u017euji va\u0161e dobrovoln\u00e9 sd\u011blen\u00ed osobn\u00edch a pop\u0159. citliv\u00fdch osobn\u00edch \u00fadaj\u016f za souhlas s\u00a0jejich zpracov\u00e1n\u00edm.<\/p><p>V\u00a0p\u0159\u00edpad\u011b va\u0161ich sd\u011blen\u00ed citliv\u00fdch \u00fadaj\u016f telefonicky nebo jinak \u00fadaje nijak nenahr\u00e1v\u00e1m ani nezaznamen\u00e1v\u00e1m. Pokud se mi rozhodnete svoje citliv\u00e9 nebo osobn\u00ed \u00fadaje sami sd\u011blit emailem nebo jinak p\u00edsemn\u011b (nap\u0159\u00edklad kdy\u017e se m\u011b pt\u00e1te na \u0159e\u0161en\u00ed n\u011bjak\u00e9ho sv\u00e9ho probl\u00e9mu), vyhrazuji si pr\u00e1vo tyto emaily ponechat ve sv\u00e9 emailov\u00e9 schr\u00e1nce nebo archivu po\u0161ty. Pokud v\u0161ak po\u017e\u00e1d\u00e1te o jejich smaz\u00e1n\u00ed nebo likvidaci, tak je sma\u017eu. Nicm\u00e9n\u011b mohou se pak vyskytovat v\u00a0emailov\u00fdch slo\u017ek\u00e1ch \u201eKo\u0161\u201c a podobn\u011b. Proto pokud mi chcete sd\u011blovat jak\u00e9koli citliv\u00e9 informace, doporu\u010duji osobn\u00ed sd\u011blen\u00ed.<\/p><h3 class=\"wp-block-heading\">Pou\u017eit\u00ed a postoupen\u00ed osobn\u00edch \u00fadaj\u016f<\/h3><p>Vlo\u017een\u00edm osobn\u00edch \u00fadaj\u016f na n\u011bkter\u00e9 z m\u00fdch str\u00e1nek souhlas\u00edte se zas\u00edl\u00e1n\u00edm obchodn\u00edch informac\u00ed. Tamara Melissa \u2013 Cesta \u017deny, s.r.o. i Mgr. Tamara Melissa pou\u017e\u00edv\u00e1 va\u0161e osobn\u00ed \u00fadaje na \u00fa\u010dely technick\u00e9 spr\u00e1vy webov\u00fdch str\u00e1nek, z\u00e1kaznickou administrativu, na ankety t\u00fdkaj\u00edc\u00ed se produkt\u016f a na marketingov\u00e9 \u00fa\u010dely v\u017edy jen v takov\u00e9m rozsahu, jak\u00fd je k tomu pot\u0159ebn\u00fd.<\/p><p>Postoupen\u00ed osobn\u00edch \u00fadaj\u016f st\u00e1tn\u00edm za\u0159\u00edzen\u00edm a \u00fa\u0159ad\u016fm prob\u00edh\u00e1 jen v r\u00e1mci z\u00e1vazn\u00fdch pr\u00e1vn\u00edch p\u0159edpis\u016f. Moji spolupracovn\u00edci jsou z m\u00e9 strany v\u00e1z\u00e1ni diskr\u00e9tnost\u00ed a zpracovatelskou smlouvou.<\/p><h3 class=\"wp-block-heading\">Mo\u017enost\u00a0odhl\u00e1\u0161en\u00ed<\/h3><p>Pracuji jen s \u00fadaji a kontakty, ke kter\u00fdm jste mi dali souhlas. Va\u0161e \u00fadaje pou\u017e\u00edv\u00e1m bu\u010f k\u00a0organiza\u010dn\u00edm \u00fa\u010del\u016fm m\u00fdch akc\u00ed, nebo k tomu, abych v\u00e1s mohla informovat o m\u00fdch akc\u00edch, slu\u017eb\u00e1ch a produktech, p\u0159\u00edpadn\u011b zjistit v\u00e1\u0161 n\u00e1zor na n\u011b. Kdykoli mi m\u016f\u017eete ozn\u00e1mit, abych tyto \u00fadaje upravila \u010di zcela smazala. V p\u0159\u00edpad\u011b emailov\u00e9 komunikace se z\u00a0odb\u011bru zpr\u00e1v m\u016f\u017eete kdykoliv odhl\u00e1sit pomoc\u00ed odkazu \u201eodhl\u00e1sit\u201c uveden\u00e9ho v pati\u010dce ka\u017ed\u00e9ho emailu.<\/p><h3 class=\"wp-block-heading\">Rozsah zpracov\u00e1van\u00fdch osobn\u00edch \u00fadaj\u016f a \u00fa\u010dely zpracov\u00e1n\u00ed<\/h3><p>Zpracov\u00e1v\u00e1m osobn\u00ed \u00fadaje, kter\u00e9 mi sami sv\u011b\u0159\u00edte, a to z n\u00e1sleduj\u00edc\u00edch d\u016fvod\u016f (pro napln\u011bn\u00ed t\u011bchto \u00fa\u010del\u016f):<\/p><ul class=\"wp-block-list\"><li>poskytov\u00e1n\u00ed slu\u017eeb &#8211; va\u0161e osobn\u00ed \u00fadaje v rozsahu:<ul><li>jm\u00e9no, p\u0159\u00edjmen\u00ed,<\/li><li>telefon,<\/li><li>emailov\u00e1 adresa,<\/li><li>datum narozen\u00ed,<\/li><li>fotografie (pouze po p\u0159edchoz\u00edm v\u00fdslovn\u00e9m souhlasu)<\/li><\/ul><\/li><\/ul><p>\u00a0 \u00a0 \u00a0 \u00a0 \u00a0 \u00a0 \u00a0 nezbytn\u011b pot\u0159ebuji k pln\u011bn\u00ed slu\u017eeb (nap\u0159. organizace semin\u00e1\u0159e, individu\u00e1ln\u00ed konzultace, zasl\u00e1n\u00ed online produktu aj.).<\/p><ul class=\"wp-block-list\"><li>veden\u00ed \u00fa\u010detnictv\u00ed &#8211; va\u0161e osobn\u00ed \u00fadaje (faktura\u010dn\u00ed \u00fadaje &#8211; jm\u00e9no \/ n\u00e1zev spole\u010dnosti, adresa, I\u010c, DI\u010c) nezbytn\u011b pot\u0159ebuji, abych vyhov\u011bla z\u00e1konn\u00e9 povinnosti pro vystavov\u00e1n\u00ed a evidenci da\u0148ov\u00fdch doklad\u016f,<\/li><li>marketing \u2013 zas\u00edl\u00e1n\u00ed newsletter\u016f &#8211; va\u0161e osobn\u00ed \u00fadaje (e-mail a jm\u00e9no, pohlav\u00ed, na co klik\u00e1te v e-mailu a kdy je nej\u010dast\u011bji otev\u00edr\u00e1te, IP adresa) vyu\u017e\u00edv\u00e1me za \u00fa\u010delem p\u0159\u00edm\u00e9ho marketingu \u2013 zas\u00edl\u00e1n\u00ed obchodn\u00edch sd\u011blen\u00ed. Jste-li\u00a0mou klientkou \u010di m\u00fdm klientem, d\u011bl\u00e1m tak z\u00a0opr\u00e1vn\u011bn\u00e9ho z\u00e1jmu, nebo\u0165 d\u016fvodn\u011b p\u0159edpokl\u00e1d\u00e1m, \u017ee v\u00e1s m\u00e9 novinky zaj\u00edmaj\u00ed, a to po dobu 5 let od posledn\u00ed objedn\u00e1vky. Pokud nejste m\u00fdm klientem, zas\u00edl\u00e1m v\u00e1m newslettery jen na z\u00e1klad\u011b va\u0161eho souhlasu, po dobu 5 let od jeho ud\u011blen\u00ed. V obou p\u0159\u00edpadech m\u016f\u017eete tento souhlas kdykoli okam\u017eit\u011b odvolat pou\u017eit\u00edm odhla\u0161ovac\u00edho odkazu v pati\u010dce ka\u017ed\u00e9ho zaslan\u00e9ho e-mailu.<\/li><li>pokro\u010dil\u00fd marketing na z\u00e1klad\u011b souhlasu \u2013 pouze na z\u00e1klad\u011b va\u0161eho souhlasu v\u00e1m mohu zas\u00edlat tak\u00e9 inspiruj\u00edc\u00ed nab\u00eddky t\u0159et\u00edch osob nebo vyu\u017e\u00edt e-mailovou adresu nap\u0159. pro remarketing a c\u00edlen\u00ed reklamy na Facebooku, a to po dobu 5 let od ud\u011blen\u00ed souhlasu. Ten lze samoz\u0159ejm\u011b kdykoli okam\u017eit\u011b odvolat prost\u0159ednictv\u00edm m\u00fdch kontaktn\u00edch \u00fadaj\u016f.<\/li><li>fotografick\u00e1 dokumentace \u2013 \u017eiv\u00e9 akce \u2013 va\u0161e osobn\u00ed \u00fadaje si ponech\u00e1v\u00e1m po dobu b\u011bhu proml\u010dec\u00edch lh\u016ft, pokud z\u00e1kon nestanov\u00ed del\u0161\u00ed dobu k jejich uchov\u00e1n\u00ed nebo nen\u00ed v konkr\u00e9tn\u00edch p\u0159\u00edpadech uvedeno jinak.<\/li><\/ul><h3 class=\"wp-block-heading\">P\u0159ed\u00e1n\u00ed osobn\u00edch \u00fadaj\u016f t\u0159et\u00edm osob\u00e1m<\/h3><p>K va\u0161im osobn\u00edm \u00fadaj\u016fm maj\u00ed na z\u00e1klad\u011b zpracovatelsk\u00e9 smlouvy (tzn. s\u00a0garancemi organiza\u010dn\u011b-technick\u00e9ho zabezpe\u010den\u00ed t\u011bchto dat s\u00a0vymezen\u00edm \u00fa\u010delu zpracov\u00e1n\u00ed, p\u0159i\u010dem\u017e zpracovatel\u00e9 nesm\u00ed pou\u017e\u00edt \u00fadaje k\u00a0jin\u00fdm \u00fa\u010del\u016fm)\u00a0p\u0159\u00edstup moji extern\u00ed spolupracovn\u00edci: organiza\u010dn\u00ed a marketingov\u00fd pracovn\u00edk, administra\u010dn\u00ed pracovn\u00edk, \u00fa\u010detn\u00ed pracovn\u00edk a pracovn\u00edk IT \u0159e\u0161en\u00ed, fotografky, platformy Facebook, MailChimp, Google,\u00a0FAPI. Je mo\u017en\u00e9, \u017ee se v budoucnu rozhodnu vyu\u017e\u00edt dal\u0161\u00ed aplikace \u010di zpracovatele, pro usnadn\u011bn\u00ed a zkvalitn\u011bn\u00ed zpracov\u00e1n\u00ed.<\/p><h3 class=\"wp-block-heading\">P\u0159ed\u00e1n\u00ed\u00a0osobn\u00edch \u00fadaj\u016f do t\u0159et\u00ed zem\u011b nebo mezin\u00e1rodn\u00edm organizac\u00edm<\/h3><p>Va\u0161e osobn\u00ed \u00fadaje nep\u0159ed\u00e1v\u00e1m do t\u0159et\u00edch zem\u00ed nebo mezin\u00e1rodn\u00edm organizac\u00edm. Ve\u0161ker\u00e9 zpracov\u00e1n\u00ed osobn\u00edch \u00fadaj\u016f bude prov\u00e1d\u011bno na \u00fazem\u00ed EU.<\/p><h3 class=\"wp-block-heading\">Va\u0161e pr\u00e1va v souvislosti s ochranou osobn\u00edch \u00fadaj\u016f<\/h3><p>V souvislosti s ochranou osobn\u00edch \u00fadaj\u016f m\u00e1te \u0159adu pr\u00e1v. Pokud budete cht\u00edt n\u011bkter\u00e9ho z\u00a0t\u011bchto pr\u00e1v vyu\u017e\u00edt, pros\u00edm, kontaktujte m\u011b prost\u0159ednictv\u00edm e-mailu: tamara@estazeny.cz. M\u00e1te pr\u00e1vo na informace, kter\u00e9 je pln\u011bno ji\u017e touto informa\u010dn\u00ed str\u00e1nkou se z\u00e1sadami zpracov\u00e1n\u00ed osobn\u00edch \u00fadaj\u016f. D\u00edky pr\u00e1vu na p\u0159\u00edstup m\u011b m\u016f\u017eete kdykoli vyzvat a j\u00e1 v\u00e1m dolo\u017e\u00edm ve lh\u016ft\u011b 30 dn\u00ed, jak\u00e9 va\u0161e osobn\u00ed \u00fadaje zpracov\u00e1v\u00e1m a jak\u00fd je \u00fa\u010del tohoto zpracov\u00e1n\u00ed. Pokud shled\u00e1te sv\u00e9 osobn\u00ed \u00fadaje neaktu\u00e1ln\u00ed nebo ne\u00fapln\u00e9, m\u00e1te pr\u00e1vo na dopln\u011bn\u00ed a zm\u011bnu osobn\u00edch \u00fadaj\u016f.<\/p><p>Pokud se domn\u00edv\u00e1te, \u017ee zpracov\u00e1v\u00e1m va\u0161e nep\u0159esn\u00e9 \u00fadaje, m\u016f\u017eete vyu\u017e\u00edt pr\u00e1vo na omezen\u00ed zpracov\u00e1n\u00ed.<\/p><p>Pokud se domn\u00edv\u00e1te, \u017ee prov\u00e1d\u00edm zpracov\u00e1n\u00ed nez\u00e1konn\u011b, ale nechcete v\u0161echny \u00fadaje smazat nebo pokud jste vznesli n\u00e1mitku proti zpracov\u00e1n\u00ed, m\u016f\u017eete omezit rozsah osobn\u00edch \u00fadaj\u016f nebo \u00fa\u010del\u016f zpracov\u00e1n\u00ed. (Nap\u0159. odhl\u00e1\u0161en\u00edm z newsletteru omezujete \u00fa\u010del zpracov\u00e1n\u00ed pro zas\u00edl\u00e1n\u00ed obchodn\u00edch sd\u011blen\u00ed, ale st\u00e1le zpracov\u00e1v\u00e1m va\u0161e osobn\u00ed \u00fadaje pro \u00fa\u010dely organizace semin\u00e1\u0159e.)<\/p><p>Pokud byste cht\u011bli sv\u00e9 osobn\u00ed \u00fadaje vz\u00edt a p\u0159en\u00e9st k n\u011bkomu jin\u00e9mu, budu postupovat stejn\u011b jako p\u0159i vyu\u017eit\u00ed pr\u00e1va na p\u0159\u00edstup &#8211; jen s t\u00edm rozd\u00edlem, \u017ee v\u00e1m informace dod\u00e1m ve strojov\u011b \u010diteln\u00e9 podob\u011b. K tomu pot\u0159ebuji 30 dn\u00ed.<\/p><p>Va\u0161\u00edm dal\u0161\u00edm pr\u00e1vem je pr\u00e1vo na v\u00fdmaz (b\u00fdt zapomenut). Pokud si to budete p\u0159\u00e1t, vyma\u017ei ve\u0161ker\u00e9 va\u0161e osobn\u00ed \u00fadaje ze sv\u00e9ho syst\u00e9mu i ze syst\u00e9mu v\u0161ech d\u00edl\u010d\u00edch zpracovatel\u016f a z\u00e1loh. Na zaji\u0161t\u011bn\u00ed pr\u00e1va na v\u00fdmaz pot\u0159ebuji 30 dn\u00ed. V n\u011bkter\u00fdch p\u0159\u00edpadech jsem v\u00e1z\u00e1na z\u00e1konnou povinnost\u00ed (nap\u0159. mus\u00edm evidovat vystaven\u00e9 da\u0148ov\u00e9 doklady po lh\u016ftu stanovenou z\u00e1konem). V tomto p\u0159\u00edpad\u011b tedy sma\u017ei v\u0161echny takov\u00e9 osobn\u00ed \u00fadaje, kter\u00e9 nejsou v\u00e1z\u00e1ny jin\u00fdm z\u00e1konem. O dokon\u010den\u00ed v\u00fdmazu v\u00e1s budu informovat elektronickou po\u0161tou.<\/p><p><strong>St\u00ed\u017enost u \u00da\u0159adu na ochranu osobn\u00edch \u00fadaj\u016f<\/strong><\/p><p>Pokud m\u00e1te pocit, \u017ee s va\u0161imi \u00fadaji nezach\u00e1z\u00edm v souladu se z\u00e1konem, m\u00e1te pr\u00e1vo se se svou st\u00ed\u017enost\u00ed kdykoli obr\u00e1tit na \u00da\u0159ad pro ochranu osobn\u00edch \u00fadaj\u016f. Budu moc r\u00e1da, pokud nejprve budete o tomto podez\u0159en\u00ed informovat mne, abych s t\u00edm mohla n\u011bco ud\u011blat a p\u0159\u00edpadn\u00e9 pochyben\u00ed napravit.<\/p><p><strong>Odhl\u00e1\u0161en\u00ed ze zas\u00edl\u00e1n\u00ed newsletter\u016f a obchodn\u00edch sd\u011blen\u00ed<\/strong><\/p><p>E-maily s inspirac\u00ed, \u010dl\u00e1nky \u010di produkty a slu\u017ebami v\u00e1m zas\u00edl\u00e1m, jste-li\u00a0moje klientka nebo klient, na z\u00e1klad\u011b m\u00e9ho opr\u00e1vn\u011bn\u00e9ho z\u00e1jmu. Pokud klientkou nebo klientem je\u0161t\u011b nejste, pos\u00edl\u00e1m v\u00e1m je jen na z\u00e1klad\u011b va\u0161eho souhlasu. V obou p\u0159\u00edpadech m\u016f\u017eete ukon\u010dit odb\u011br m\u00fdch e-mail\u016f stisknut\u00edm odhla\u0161ovac\u00edho odkazu v pati\u010dce ka\u017ed\u00e9ho zaslan\u00e9ho e-mailu.<\/p><p>Aktu\u00e1ln\u00ed zn\u011bn\u00ed tohoto dokumentu naleznete v\u017edy na str\u00e1nce\u00a0<a href=\"http:\/\/www.tamaramelissa.cz\/zasady-zpracovani-osobnich-udaju.html\">www.tamaramelissa.cz\/zasady-zpracovani-osobnich-udaju.html<\/a><\/p><p>Toto zn\u011bn\u00ed je \u00fa\u010dinn\u00e9 od 11.5.2018<\/p>","protected":false},"excerpt":{"rendered":"<p>Mil\u00e9 klientky,\u00a0 klienti a n\u00e1v\u0161t\u011bvn\u00edci m\u00fdch webov\u00fdch str\u00e1nek beru ochranu va\u0161ich soukrom\u00fdch \u00fadaj\u016f v\u00e1\u017en\u011b, seznamte se, pros\u00edm, se z\u00e1sadami jejich zpracov\u00e1n\u00ed a pr\u00e1vy, kter\u00e9 m\u00e1te (jako\u017eto subjekty \u00fadaj\u016f) v souvislosti s GDPR (anglick\u00e1 zkratka pro Na\u0159\u00edzen\u00ed o\u00a0ochran\u011b osobn\u00edch \u00fadaj\u016f). Najdete zde informace t\u00fdkaj\u00edc\u00ed se jak ochrany osobn\u00edch \u00fadaj\u016f poskytnut\u00fdch n\u00e1v\u0161t\u011bvn\u00edky webov\u00fdch str\u00e1nek:\u00a0www.tamaramelissa.cz, tak ochrany osobn\u00edch [&hellip;]<\/p>\n","protected":false},"author":1,"featured_media":0,"parent":0,"menu_order":0,"comment_status":"closed","ping_status":"closed","template":"","meta":{"footnotes":""},"class_list":["post-11536","page","type-page","status-publish","hentry"],"aioseo_notices":[],"_links":{"self":[{"href":"https:\/\/www.tamaramelissa.cz\/it\/wp-json\/wp\/v2\/pages\/11536","targetHints":{"allow":["GET"]}}],"collection":[{"href":"https:\/\/www.tamaramelissa.cz\/it\/wp-json\/wp\/v2\/pages"}],"about":[{"href":"https:\/\/www.tamaramelissa.cz\/it\/wp-json\/wp\/v2\/types\/page"}],"author":[{"embeddable":true,"href":"https:\/\/www.tamaramelissa.cz\/it\/wp-json\/wp\/v2\/users\/1"}],"replies":[{"embeddable":true,"href":"https:\/\/www.tamaramelissa.cz\/it\/wp-json\/wp\/v2\/comments?post=11536"}],"version-history":[{"count":0,"href":"https:\/\/www.tamaramelissa.cz\/it\/wp-json\/wp\/v2\/pages\/11536\/revisions"}],"wp:attachment":[{"href":"https:\/\/www.tamaramelissa.cz\/it\/wp-json\/wp\/v2\/media?parent=11536"}],"curies":[{"name":"wp","href":"https:\/\/api.w.org\/{rel}","templated":true}]}}