{"id":11517,"date":"2021-03-28T16:45:04","date_gmt":"2021-03-28T14:45:04","guid":{"rendered":"https:\/\/www.tamaramelissa.cz\/la-mia-storia\/"},"modified":"2021-03-28T16:45:05","modified_gmt":"2021-03-28T14:45:05","slug":"la-mia-storia","status":"publish","type":"page","link":"https:\/\/www.tamaramelissa.cz\/it\/la-mia-storia\/","title":{"rendered":"La mia storia"},"content":{"rendered":"<h2 class=\"wp-block-heading\">Pro\u010d se jmenuji tak, jak se jmenuji<\/h2><p>Poch\u00e1z\u00edm z Polab\u00ed a za sv\u00e9 k\u0159estn\u00ed jm\u00e9no vd\u011b\u010d\u00edm sv\u00e9mu tat\u00ednkovi, kter\u00fd se pro n\u011bj nadchnul a navzdory jin\u00fdm n\u00e1zor\u016fm nejbli\u017e\u0161\u00ed rodiny i okol\u00ed jej prosadil.<\/p><p>P\u016fvod m\u00e1 v hebrej\u0161tin\u011b a ozna\u010duje palmu datlovou, symbol hojnosti, plodnosti a sladkosti.<\/p><p>Sv\u00e9 p\u0159\u00edjmen\u00ed jsem z\u00edskala v meditaci. Bylo to ve slo\u017eit\u00e9m obdob\u00ed po dlouholet\u00e9m man\u017eelstv\u00ed s mu\u017eem, kter\u00fd byl z\u00e1rove\u0148 i m\u00fdm duchovn\u00edm u\u010ditelem. P\u0159\u00e1l si, abych d\u00e1le nepou\u017e\u00edvala jeho jm\u00e9no a j\u00e1 jsem to s vd\u011b\u010dnost\u00ed za v\u0161e dobr\u00e9, co jsem s n\u00edm pro\u017eila, respektovala. Nyn\u00ed je Melissa m\u00fdm ofici\u00e1ln\u00edm p\u0159\u00edjmen\u00edm, kter\u00e9 m\u00e1m i v ob\u010dance.<\/p><p>Jm\u00e9no Melissa m\u00e1 \u0159eck\u00fd p\u016fvod a znamen\u00e1 v\u010dela. Podle b\u00e1j\u00ed to byla nymfa, kter\u00e1 objevila\u00a0med (meli)\u00a0a nau\u010dila se ho pou\u017e\u00edvat, a po kter\u00e9 v\u010dely z\u00edskaly jej\u00ed jm\u00e9no. Tak\u00e9 nymfy, kter\u00e9 pe\u010dovaly o Dia v d\u011btstv\u00ed, se naz\u00fdvaj\u00ed Melissy. Nymfy zvan\u00e9 Melissy byly zm\u011bn\u011bny na kn\u011b\u017eky Boh\u016f, ov\u0161em zejm\u00e9na to plat\u00ed pro kn\u011b\u017eky bohy\u0148 Demeter a Persephone a delfsk\u00e9ho kn\u011bze boha Apollona. Melissa je tak\u00e9 p\u0159\u00edjmen\u00ed Artemis jako\u017eto bohyn\u011b M\u011bs\u00edce, kter\u00e1 zmen\u0161ovala utrpen\u00ed \u017een\u00e1m p\u0159i porodu.<\/p><p>Ob\u011b m\u00e1 jm\u00e9na tak symbolizuj\u00ed mou osobnost a m\u00e9 posl\u00e1n\u00ed. A\u010dkoliv mi nebylo dop\u0159\u00e1no m\u00edt vlastn\u00ed d\u011bti, mnoho \u017een mne pova\u017euje za jakousi \u201educhovn\u00ed matku\u201c nejen jich samotn\u00fdch, ale pr\u00e1v\u011b i jejich d\u011bt\u00ed. P\u0159i pomoci ostatn\u00edm navazuji krom\u011b jin\u00e9ho i na \u017eenskou moudrost v m\u00e9 rodin\u011b, nebo\u0165 m\u00e1 prababi\u010dka byla porodn\u00ed b\u00e1bou a nav\u00edc m\u016fj \u00fapln\u011b prvn\u00ed p\u0159echodov\u00fd ritu\u00e1l, kter\u00fdm jsem prov\u00e1zela, byl pr\u00e1v\u011b porodn\u00ed.<\/p><h2 class=\"wp-block-heading\">Pro\u010d d\u011bl\u00e1m to, co d\u011bl\u00e1m<\/h2><p>Po sametov\u00e9 revoluci jsem vystudovala d\u011bjiny um\u011bn\u00ed na Univerzit\u011b Karlov\u011b. U\u017e od dob studi\u00ed jsem se v\u011bnovala spiritualitou siln\u011b ovlivn\u011bn\u00e9 osobnosti jednoho ze sv\u011btov\u011b nejproslulej\u0161\u00edch \u010desk\u00fdch mal\u00ed\u0159\u016f Franti\u0161ka Kupky, kter\u00fd st\u00e1l u zrodu modern\u00ed abstrakce. D\u00edky tomuto m\u00e9mu z\u00e1jmu jsem se sezn\u00e1mila s Medou Ml\u00e1dkovou, kter\u00e1 tehdy vlastnila nejv\u011bt\u0161\u00ed soukromou sb\u00edrku jeho obraz\u016f na sv\u011bt\u011b. A tak jsem m\u011bla to \u0161t\u011bst\u00ed 8 let p\u016fsobit v\u00a0<a href=\"http:\/\/www.museumkampa.cz\/\" target=\"_blank\" rel=\"noreferrer noopener\">Muzeu Kampa<\/a>, kter\u00e9 tato obdivuhodn\u00e1 d\u00e1ma zalo\u017eila.<\/p><p>Krom\u011b tance, kter\u00e9mu jsem propadla ji\u017e v d\u011btstv\u00ed, jsem si zamilovala rom\u00e1nskou kulturu, zejm\u00e9na francouzskou a italskou. Pohybovala jsem se tak l\u00e9ta v intelektu\u00e1ln\u00ed a boh\u00e9msk\u00e9 spole\u010dnosti a z\u00e1rove\u0148 kr\u00e1\u010dela po stezk\u00e1ch duchovn\u00edho a osobnostn\u00edho rozvoje.<\/p><p>M\u00e1 l\u00e1ska k tanci mne p\u0159ivedla na pravd\u011bpodobn\u011b prvn\u00ed workshop orient\u00e1ln\u00edho tance v \u010cech\u00e1ch pod veden\u00edm skv\u011bl\u00e9 u\u010ditelky Mily el Kral. To se psal rok 1995. Tento tanec mne zcela okouzlil d\u00edky sv\u00e9mu l\u00e9\u010div\u00e9mu a transforma\u010dn\u00edmu potenci\u00e1lu. Naplno jsem se do n\u011bj vrhla a toto nad\u0161en\u00ed pomohlo roz\u0161\u00ed\u0159it tento tanec po cel\u00fdch \u010cech\u00e1ch. Zjistila jsem tak\u00e9, \u017ee tento tanec p\u016fvodn\u011b vznikl jako ritu\u00e1ln\u00ed tanec, oslavuj\u00edc\u00ed \u017eenskost a plodnost, a tak\u00e9 pom\u00e1hal \u017een\u00e1m b\u011bhem porodu, co\u017e mne d\u00e1le velmi nasm\u011brovalo.<\/p><p>Ve stejn\u00e9m roce jsem stejn\u011b nad\u0161en\u011b naslouchala up\u0159\u00edmn\u00e9mu vypr\u00e1v\u011bn\u00ed o \u017eensk\u00fdch p\u0159echodov\u00fdch ritu\u00e1lech z \u00fast star\u00e9 indi\u00e1nsk\u00e9 \u017eeny na konferenci transperson\u00e1ln\u00ed psychologie v Kalifornii.<\/p><p>A to byla chv\u00edle, kdy si tanec a ritu\u00e1l podaly v m\u00e9m srdci ruce\u2026<\/p><p>U n\u00e1s v t\u00e9 dob\u011b nic takov\u00e9ho neexistovalo a j\u00e1 jsem v\u011bd\u011bla, \u017ee pokud s t\u00edm chci n\u011bco ud\u011blat, budu s t\u00edm muset za\u010d\u00edt sama. \u201eHo\u0159ela jsem a tak jsem zapalovala.\u201c A tak vznikla Cesta \u017deny, na kterou se od t\u00e9 doby vydalo ji\u017e tis\u00edce \u017een, nebo\u0165 jsem cel\u00fdch deset let jezdila po \u010cech\u00e1ch i Slovensku a t\u00e9m\u011b\u0159 ka\u017ed\u00fd v\u00edkend vedla v\u00edkendov\u00fd semin\u00e1\u0159 a b\u011bhem ka\u017ed\u00e9ho l\u00e9ta v\u017edy n\u011bkolik t\u00fddenn\u00edch. Jela jsem v\u0161ude tam, kam mne \u017eeny volaly a v\u0161ude rozs\u00e9vala sem\u00ednka \u017eenskosti\u2026<\/p><p>Zrodil se tak\u00e9 kr\u00e1sn\u00fd koncept Tance rodi\u010dek a Tance s miminky v n\u00e1ru\u010d\u00ed, kter\u00fd jsem deset let pravideln\u011b ka\u017ed\u00e9 \u00fater\u00fd realizovala v pra\u017esk\u00e9m\u00a0<a href=\"http:\/\/www.acentrum.eu\/\" target=\"_blank\" rel=\"noreferrer noopener\">A centru<\/a>, ob\u010dansk\u00e9m sdru\u017een\u00ed, v\u011bnuj\u00edc\u00edm se aktivn\u00ed a v\u011bdom\u00e9 p\u0159\u00edprav\u011b na mate\u0159stv\u00ed a rodi\u010dovstv\u00ed, u jeho\u017e zrodu jsem spolu s\u00a0<a href=\"http:\/\/www.acentrum.eu\/o-nas\/a-team\/mga-katarina-zatovicova\" target=\"_blank\" rel=\"noreferrer noopener\">Katar\u00ednou Zatovi\u010dovou<\/a>\u00a0st\u00e1la. Nyn\u00ed v n\u011bm ji\u017e pokra\u010duj\u00ed m\u00e9 \u017ea\u010dky a st\u00e1le \u0161kol\u00edm dal\u0161\u00ed. Dal\u0161\u00ed tis\u00edce \u017een se d\u00edky sv\u00e9mu mate\u0159stv\u00ed mohly vydat na Cestu\u2026<\/p><p>V letech 2009 \u2013 2011 se u mne aktivovalo t\u00e9ma smrti a pro\u0161la jsem cestou prom\u011bny, na n\u00ed\u017e mi byla velkou oporou m\u00e1 milovan\u00e1 u\u010ditelka\u00a0<a href=\"http:\/\/www.cosmicairport.com\/\" target=\"_blank\" rel=\"noreferrer noopener\">Jacqueline Maria Longstaff<\/a>, u kter\u00e9 jsem se na sv\u00fdch cest\u00e1ch po Indii za\u010dala u\u010dit.<\/p><p>Od roku 2009 se tak\u00e9 v\u011bnuji individu\u00e1ln\u00ed pr\u00e1ci se \u017eenami a ji\u017e tolik pracovn\u011b necestuji, nebo\u0165 jsem na\u0161la ide\u00e1ln\u00ed m\u00edsto pro v\u00edkendov\u00e9 ritu\u00e1ly nedaleko Prahy \u2013\u00a0<a href=\"http:\/\/www.ukamenneryby.cz\/\" target=\"_blank\" rel=\"noreferrer noopener\">Centrum U kamenn\u00e9 ryby<\/a>\u00a0v Chrustenic\u00edch u Berouna &#8211; a tak se proud obr\u00e1til a \u017eeny jezd\u00ed za mnou.<\/p><p>V roce 2013 se zrodil nov\u00fd projekt \u2013\u00a0<a href=\"http:\/\/www.tamaramelissa.cz\/akce\/treti-dvoulety-cyklus-ritualu-2018-20.html\">Dvoulet\u00fd transforma\u010dn\u00ed cyklus ritu\u00e1l\u016f Cesta \u017deny<\/a>, kter\u00fd prov\u00e1z\u00ed \u017eeny v\u0161emi p\u0159echodov\u00fdmi \u017eivotn\u00edmi f\u00e1zemi od zrozen\u00ed ke smrti.<\/p><h2 class=\"wp-block-heading\">Pro\u010d mne \u017eeny vyhled\u00e1vaj\u00ed<\/h2><p>Dne\u0161n\u00ed doba p\u0159in\u00e1\u0161ej\u00edc\u00ed profesn\u00ed sout\u011b\u017een\u00ed v mu\u017esky definovan\u00e9m a \u0159\u00edzen\u00e9m sv\u011bt\u011b \u00fasp\u011b\u0161n\u00fdch firem \u017eeny oproti minul\u00fdm epoch\u00e1m st\u00e1le v\u00edce vzdaluje od toho, aby si skute\u010dn\u011b dovolily \u201eb\u00fdt samy sebou\u201c ve v\u0161ech poloh\u00e1ch \u017eenstv\u00ed. A\u0165 u\u017e jsou aktu\u00e1ln\u011b studentkami, \u017eenami na vysok\u00fdch pracovn\u00edch postech, maminkami na mate\u0159sk\u00e9 dovolen\u00e9 nebo babi\u010dkami.<\/p><p>Ka\u017ed\u00e9 \u017eivotn\u00ed obdob\u00ed nese sv\u00e1 specifika. \u017deny m\u00edvaj\u00ed pot\u00ed\u017ee s p\u0159irozen\u00fdmi procesy ve sv\u00e9m t\u011ble a napojen\u00edm na svoje pot\u0159eby. \u010casto ne\u017eij\u00ed tak, jak by si samy p\u0159\u00e1ly, ale tak, jak je po nich vy\u017eadov\u00e1no, a dokonce o tom ani nev\u011bd\u00ed. I kdy\u017e na povrchu je v\u0161e \u201etak, jak m\u00e1 b\u00fdt\u201c, p\u0159esto jsou nespokojen\u00e9 a nenapln\u011bn\u00e9\u2026 Nev\u011bd\u00ed, kdo opravdu jsou\u2026 Vedu je dovnit\u0159 a u\u010d\u00edm je, jak se spojit sama se sebou a trvale tu pr\u00e1zdnotu zaplnit, nejen chvilkov\u011b kompenzovat\u2026 Velmi \u010dasto p\u0159ich\u00e1zej\u00ed se zran\u011bn\u00edm ze vztah\u016f, a tak je prov\u00e1z\u00edm hojen\u00edm, aby se zamilovaly do sv\u00e9 \u017eenskosti a mohly s d\u016fv\u011brou \u017e\u00edt d\u00e1l.<\/p><p>D\u00edky v\u0161em sv\u00fdm zku\u0161enostem pova\u017euji za sv\u00e9 posl\u00e1n\u00ed p\u0159ed\u00e1vat \u017een\u00e1m um\u011bn\u00ed \u017e\u00edt (neboli \u201esavoir vivre\u201c, jak \u0159\u00edkaj\u00ed Francouzi) nebo je\u0161t\u011b l\u00e9pe um\u011bn\u00ed b\u00fdt \u017eenou a dostat se \u201ep\u0159es p\u0159ek\u00e1\u017eky ke hv\u011bzd\u00e1m\u201c (\u201eper aspera ad astra\u201c), jak zase r\u00e1di dod\u00e1vaj\u00ed Italov\u00e9.<\/p><p>Kr\u00e1\u010d\u00edm po sv\u00e9 Cest\u011b \u017deny, kter\u00e1 mi p\u0159in\u00e1\u0161\u00ed dal\u0161\u00ed hlubok\u00e1 u\u010den\u00ed\u00a0a ka\u017ed\u00fd den d\u011bkuji za to, \u017ee mohu \u017eeny prov\u00e1zet sv\u011btlem i tmou na jejich Cest\u011b.<\/p><p>V Lib\u010dic\u00edch nad Vltavou, 1. prosince 2014, v tichu prvn\u00ed adventn\u00ed noci<\/p><p>D\u011bkuji Jirkovi Kopalovi, \u0159editeli spole\u010dnosti\u00a0<a href=\"http:\/\/www.manofi.cz\/\" target=\"_blank\" rel=\"noreferrer noopener\">MANOFI<\/a>, za inspiraci k seps\u00e1n\u00ed tohoto p\u0159\u00edb\u011bhu.<\/p>","protected":false},"excerpt":{"rendered":"<p>Pro\u010d se jmenuji tak, jak se jmenuji Poch\u00e1z\u00edm z Polab\u00ed a za sv\u00e9 k\u0159estn\u00ed jm\u00e9no vd\u011b\u010d\u00edm sv\u00e9mu tat\u00ednkovi, kter\u00fd se pro n\u011bj nadchnul a navzdory jin\u00fdm n\u00e1zor\u016fm nejbli\u017e\u0161\u00ed rodiny i okol\u00ed jej prosadil. P\u016fvod m\u00e1 v hebrej\u0161tin\u011b a ozna\u010duje palmu datlovou, symbol hojnosti, plodnosti a sladkosti. Sv\u00e9 p\u0159\u00edjmen\u00ed jsem z\u00edskala v meditaci. Bylo to ve [&hellip;]<\/p>\n","protected":false},"author":1,"featured_media":0,"parent":0,"menu_order":0,"comment_status":"closed","ping_status":"closed","template":"","meta":{"footnotes":""},"class_list":["post-11517","page","type-page","status-publish","hentry"],"aioseo_notices":[],"_links":{"self":[{"href":"https:\/\/www.tamaramelissa.cz\/it\/wp-json\/wp\/v2\/pages\/11517","targetHints":{"allow":["GET"]}}],"collection":[{"href":"https:\/\/www.tamaramelissa.cz\/it\/wp-json\/wp\/v2\/pages"}],"about":[{"href":"https:\/\/www.tamaramelissa.cz\/it\/wp-json\/wp\/v2\/types\/page"}],"author":[{"embeddable":true,"href":"https:\/\/www.tamaramelissa.cz\/it\/wp-json\/wp\/v2\/users\/1"}],"replies":[{"embeddable":true,"href":"https:\/\/www.tamaramelissa.cz\/it\/wp-json\/wp\/v2\/comments?post=11517"}],"version-history":[{"count":0,"href":"https:\/\/www.tamaramelissa.cz\/it\/wp-json\/wp\/v2\/pages\/11517\/revisions"}],"wp:attachment":[{"href":"https:\/\/www.tamaramelissa.cz\/it\/wp-json\/wp\/v2\/media?parent=11517"}],"curies":[{"name":"wp","href":"https:\/\/api.w.org\/{rel}","templated":true}]}}