{"id":11515,"date":"2021-03-28T16:43:26","date_gmt":"2021-03-28T14:43:26","guid":{"rendered":"https:\/\/www.tamaramelissa.cz\/chi-sono\/"},"modified":"2021-03-28T16:43:27","modified_gmt":"2021-03-28T14:43:27","slug":"chi-sono","status":"publish","type":"page","link":"https:\/\/www.tamaramelissa.cz\/it\/chi-sono\/","title":{"rendered":"Chi sono"},"content":{"rendered":"\t\t<div data-elementor-type=\"wp-page\" data-elementor-id=\"11515\" class=\"elementor elementor-11515 elementor-9625\" data-elementor-post-type=\"page\">\n\t\t\t\t\t\t<section class=\"elementor-section elementor-top-section elementor-element elementor-element-68ab56c elementor-section-full_width elementor-section-content-middle elementor-reverse-mobile elementor-section-height-default elementor-section-height-default\" data-id=\"68ab56c\" data-element_type=\"section\">\n\t\t\t\t\t\t<div class=\"elementor-container elementor-column-gap-no\">\n\t\t\t\t\t<div class=\"elementor-column elementor-col-33 elementor-top-column elementor-element elementor-element-78499a0\" data-id=\"78499a0\" data-element_type=\"column\" data-settings=\"{&quot;background_background&quot;:&quot;gradient&quot;}\">\n\t\t\t<div class=\"elementor-widget-wrap elementor-element-populated\">\n\t\t\t\t\t\t<div class=\"elementor-element elementor-element-ef5a551 elementor-widget elementor-widget-image\" data-id=\"ef5a551\" data-element_type=\"widget\" data-widget_type=\"image.default\">\n\t\t\t\t<div class=\"elementor-widget-container\">\n\t\t\t\t\t\t\t\t\t\t\t\t\t\t\t<img fetchpriority=\"high\" decoding=\"async\" width=\"733\" height=\"1100\" src=\"https:\/\/www.tamaramelissa.cz\/wp-content\/uploads\/2020\/12\/Tami-207.jpg\" class=\"attachment-full size-full wp-image-114\" alt=\"\" srcset=\"https:\/\/www.tamaramelissa.cz\/wp-content\/uploads\/2020\/12\/Tami-207.jpg 733w, https:\/\/www.tamaramelissa.cz\/wp-content\/uploads\/2020\/12\/Tami-207-600x900.jpg 600w, https:\/\/www.tamaramelissa.cz\/wp-content\/uploads\/2020\/12\/Tami-207-200x300.jpg 200w, https:\/\/www.tamaramelissa.cz\/wp-content\/uploads\/2020\/12\/Tami-207-682x1024.jpg 682w\" sizes=\"(max-width: 733px) 100vw, 733px\" \/>\t\t\t\t\t\t\t\t\t\t\t\t\t\t\t<\/div>\n\t\t\t\t<\/div>\n\t\t\t\t\t<\/div>\n\t\t<\/div>\n\t\t\t\t<div class=\"elementor-column elementor-col-66 elementor-top-column elementor-element elementor-element-dafd532\" data-id=\"dafd532\" data-element_type=\"column\" data-settings=\"{&quot;background_background&quot;:&quot;gradient&quot;}\">\n\t\t\t<div class=\"elementor-widget-wrap elementor-element-populated\">\n\t\t\t\t\t\t<section class=\"elementor-section elementor-inner-section elementor-element elementor-element-30a4530 elementor-section-boxed elementor-section-height-default elementor-section-height-default\" data-id=\"30a4530\" data-element_type=\"section\">\n\t\t\t\t\t\t<div class=\"elementor-container elementor-column-gap-no\">\n\t\t\t\t\t<div class=\"elementor-column elementor-col-100 elementor-inner-column elementor-element elementor-element-e5aadd5\" data-id=\"e5aadd5\" data-element_type=\"column\">\n\t\t\t<div class=\"elementor-widget-wrap elementor-element-populated\">\n\t\t\t\t\t\t<div class=\"elementor-element elementor-element-cae5c21 elementor-widget elementor-widget-heading\" data-id=\"cae5c21\" data-element_type=\"widget\" data-widget_type=\"heading.default\">\n\t\t\t\t<div class=\"elementor-widget-container\">\n\t\t\t\t\t<h2 class=\"elementor-heading-title elementor-size-default\">Chi sono<\/h2>\t\t\t\t<\/div>\n\t\t\t\t<\/div>\n\t\t\t\t<div class=\"elementor-element elementor-element-85017b5 elementor-widget elementor-widget-text-editor\" data-id=\"85017b5\" data-element_type=\"widget\" data-widget_type=\"text-editor.default\">\n\t\t\t\t<div class=\"elementor-widget-container\">\n\t\t\t\t\t\t\t\t\t<p>Od po\u010d\u00e1tku 90. let jsem absolvovala mnoho tane\u010dn\u00edch v\u00fdcvik\u016f, semin\u00e1\u0159\u016f osobn\u00edho rozvoje a konferenc\u00ed v\u00a0\u010cech\u00e1ch i zahrani\u010d\u00ed. Vystudovala jsem d\u011bjiny um\u011bn\u00ed na FF UK v\u00a0Praze a pracovala jako kur\u00e1torka um\u011bleck\u00fdch sb\u00edrek v\u00a0Museu Kampa.<\/p>\n<p>V\u00a0roce 2000 jsem vytvo\u0159ila projekt\u00a0<a href=\"http:\/\/www.cestazeny.cz\/\" target=\"_blank\" rel=\"noopener\">Cesta \u017deny<\/a>\u00a0a stala se spoluzakladatelkou \u00a0o.p.s.<em>\u00a0A centrum &#8211; v\u00e1\u0161 pr\u016fvodce t\u011bhotenstv\u00edm a rodi\u010dovstv\u00edm (<a href=\"http:\/\/www.acentrum.eu\/\">www.acentrum.eu<\/a>).\u00a0<\/em>Od t\u00e9 doby vedu \u017eensk\u00e9 skupiny osobn\u00edho rozvoje, v\u00a0nich\u017e se zam\u011b\u0159uji p\u0159edev\u0161\u00edm na ritu\u00e1ln\u00ed uct\u011bn\u00ed zlomov\u00fdch okam\u017eik\u016f a obdob\u00ed v\u00a0\u017eivot\u011b \u017een:<br \/><span class=\"ruzova\">Prvn\u00ed menstruace \u2013 zasv\u011bcen\u00ed d\u00edvky v\u00a0\u017eenu. L\u00e9\u010den\u00ed vztahu k\u00a0menstruaci jako ke zdroji vlastn\u00ed s\u00edly a moudrosti. Nev\u011bsta \u2013 vnit\u0159n\u00ed p\u0159\u00edprava na svatbu. Rozlou\u010den\u00ed s\u00a0nenarozen\u00fdm d\u00edt\u011btem. Porod \u2013 zrozen\u00ed mate\u0159stv\u00ed. Smrt a osvobozen\u00ed.<\/span>\u00a0A mnoho dal\u0161\u00edch.<\/p>\n<p>Poskytuji t\u00e9\u017e online individu\u00e1ln\u00ed poradenstv\u00ed, l\u00e9\u010den\u00ed a po\u017eehn\u00e1n\u00ed\u00a0<a href=\"http:\/\/www.tamaramelissa.cz\/akce\/sedme-nebe.html\">\u201eSedm\u00e9 nebe\u201c.<\/a><\/p>\n<p>Ve sv\u00e9 pr\u00e1ci pou\u017e\u00edv\u00e1m ritu\u00e1l, tanec, rozli\u010dnou pr\u00e1ci s\u00a0t\u011blem, hlasem, dechem, dotekem, v\u016fn\u00ed, vizualizac\u00ed, emocemi, se spo\u010dinut\u00edm a tvorbou v\u00a0p\u0159\u00edtomn\u00e9m okam\u017eiku.<\/p>\n<p>V\u00a0roce 2009 jsem pob\u00fdvala n\u011bkolik m\u011bs\u00edc\u016f v\u00a0Indii, kde jsem krom\u011b absolvov\u00e1n\u00ed medita\u010dn\u00edch retreat\u016f zapo\u010dala dvoulet\u00fd v\u00fdcvik pro prov\u00e1zen\u00ed transforma\u010dn\u00edmi procesy zrozen\u00ed a um\u00edr\u00e1n\u00ed\u00a0&#8220;Conscious Birthing and Dying&#8221; (<a href=\"http:\/\/www.cosmicairport.com\/\" target=\"_blank\" rel=\"noopener\">www.cosmicairport.com<\/a>)\u00a0u Jacqueline Maria Longstaff. Dal\u0161\u00ed \u010d\u00e1sti v\u00fdcviku, kter\u00fd jsem n\u00e1sleduj\u00edc\u00ed rok dokon\u010dila, prob\u00edhaly ve \u0160v\u00e9dsku. \u00a0Kontinu\u00e1ln\u011b proch\u00e1z\u00edm dal\u0161\u00edm u\u010den\u00edm u Jacqueline. Pro\u0161la jsem \u0161amansk\u00fdmi ritu\u00e1ly v Braz\u00edlii a nad\u00e1le jimi proch\u00e1z\u00edm i jinde. Jsem vy\u0161kolena jako \u201eMoon Mother\u201c u Mirandy Gray, autorky knihy \u201eRud\u00fd m\u011bs\u00edc\u201c. Absolvovala jsem \u00a0v\u00fdcvik pro duly, \u0160kolu p\u00e1nevn\u00edho dna u Renaty Sk\u00e1lov\u00e9, v\u00fdcvik v p\u0159edporodn\u00ed p\u0159\u00edprav\u011b u Patrika B\u00e1linta, tantrick\u00fd v\u00fdcvik &#8220;Empowered woman&#8221; u Mahasatvy Ma Anandy Sarity a mnoho dal\u0161\u00edch. Nyn\u00ed proch\u00e1z\u00edm p\u011btilet\u00fdm v\u00fdcvikem v biodynamick\u00e9 body-psychoterapii u Mony Lisy Boyesen, dvoulet\u00fdm profesion\u00e1ln\u00edm v\u00fdcvikem pro pr\u00e1ci s hlasem &#8220;Odhalen\u00fd hlas&#8221; u Komaly de Amorim a Grof Transpersonal Training.<\/p>\n<p>T\u0159icet let praktikuji meditaci.<\/p>\n<p>Jsem \u0161\u0165astn\u00e1, kdy\u017e za\u017e\u00edv\u00e1m, jak se my \u017eeny probouz\u00edme, uzdravujeme, rozkv\u00e9t\u00e1me ve sv\u00e9 p\u0159irozenosti a objevujeme n\u00e1ru\u010d plnou l\u00e1sky pro sebe, sv\u00e9 mu\u017ee, sv\u00e9 rodiny a celou na\u0161i kr\u00e1snou planetu.<\/p>\n\t\t\t\t\t\t\t\t<\/div>\n\t\t\t\t<\/div>\n\t\t\t\t<div class=\"elementor-element elementor-element-f977eb6 elementor-widget elementor-widget-button\" data-id=\"f977eb6\" data-element_type=\"widget\" data-widget_type=\"button.default\">\n\t\t\t\t<div class=\"elementor-widget-container\">\n\t\t\t\t\t\t\t\t\t<div class=\"elementor-button-wrapper\">\n\t\t\t\t\t<a class=\"elementor-button elementor-button-link elementor-size-sm\" href=\"https:\/\/www.tamaramelissa.cz\/muj-pribeh\/\">\n\t\t\t\t\t\t<span class=\"elementor-button-content-wrapper\">\n\t\t\t\t\t\t\t\t\t<span class=\"elementor-button-text\">ZOBRAZIT M\u016eJ P\u0158\u00cdB\u011aH \u27f6<\/span>\n\t\t\t\t\t<\/span>\n\t\t\t\t\t<\/a>\n\t\t\t\t<\/div>\n\t\t\t\t\t\t\t\t<\/div>\n\t\t\t\t<\/div>\n\t\t\t\t\t<\/div>\n\t\t<\/div>\n\t\t\t\t\t<\/div>\n\t\t<\/section>\n\t\t\t\t\t<\/div>\n\t\t<\/div>\n\t\t\t\t\t<\/div>\n\t\t<\/section>\n\t\t\t\t<\/div>\n\t\t","protected":false},"excerpt":{"rendered":"<p>Chi sono Od po\u010d\u00e1tku 90. let jsem absolvovala mnoho tane\u010dn\u00edch v\u00fdcvik\u016f, semin\u00e1\u0159\u016f osobn\u00edho rozvoje a konferenc\u00ed v\u00a0\u010cech\u00e1ch i zahrani\u010d\u00ed. Vystudovala jsem d\u011bjiny um\u011bn\u00ed na FF UK v\u00a0Praze a pracovala jako kur\u00e1torka um\u011bleck\u00fdch sb\u00edrek v\u00a0Museu Kampa. V\u00a0roce 2000 jsem vytvo\u0159ila projekt\u00a0Cesta \u017deny\u00a0a stala se spoluzakladatelkou \u00a0o.p.s.\u00a0A centrum &#8211; v\u00e1\u0161 pr\u016fvodce t\u011bhotenstv\u00edm a rodi\u010dovstv\u00edm (www.acentrum.eu).\u00a0Od t\u00e9 doby [&hellip;]<\/p>\n","protected":false},"author":1,"featured_media":0,"parent":0,"menu_order":0,"comment_status":"closed","ping_status":"closed","template":"elementor_header_footer","meta":{"footnotes":""},"class_list":["post-11515","page","type-page","status-publish","hentry"],"aioseo_notices":[],"_links":{"self":[{"href":"https:\/\/www.tamaramelissa.cz\/it\/wp-json\/wp\/v2\/pages\/11515","targetHints":{"allow":["GET"]}}],"collection":[{"href":"https:\/\/www.tamaramelissa.cz\/it\/wp-json\/wp\/v2\/pages"}],"about":[{"href":"https:\/\/www.tamaramelissa.cz\/it\/wp-json\/wp\/v2\/types\/page"}],"author":[{"embeddable":true,"href":"https:\/\/www.tamaramelissa.cz\/it\/wp-json\/wp\/v2\/users\/1"}],"replies":[{"embeddable":true,"href":"https:\/\/www.tamaramelissa.cz\/it\/wp-json\/wp\/v2\/comments?post=11515"}],"version-history":[{"count":0,"href":"https:\/\/www.tamaramelissa.cz\/it\/wp-json\/wp\/v2\/pages\/11515\/revisions"}],"wp:attachment":[{"href":"https:\/\/www.tamaramelissa.cz\/it\/wp-json\/wp\/v2\/media?parent=11515"}],"curies":[{"name":"wp","href":"https:\/\/api.w.org\/{rel}","templated":true}]}}