{"id":11557,"date":"2021-03-28T20:29:35","date_gmt":"2021-03-28T18:29:35","guid":{"rendered":"https:\/\/www.tamaramelissa.cz\/akce\/zij-zeno\/"},"modified":"2021-03-28T20:35:58","modified_gmt":"2021-03-28T18:35:58","slug":"zij-zeno","status":"publish","type":"akce","link":"https:\/\/www.tamaramelissa.cz\/it\/evento-calendario\/zij-zeno\/","title":{"rendered":"\u017dij \u017deno IT"},"content":{"rendered":"<figure class=\"wp-block-image alignwide size-large\"><a href=\"https:\/\/www.tamaramelissa.cz\/wp-content\/uploads\/2021\/02\/600podvodni.jpg\"><img fetchpriority=\"high\" decoding=\"async\" width=\"1024\" height=\"683\" src=\"https:\/\/www.tamaramelissa.cz\/wp-content\/uploads\/2021\/02\/600podvodni-1024x683.jpg\" alt=\"\" class=\"wp-image-10602\" srcset=\"https:\/\/www.tamaramelissa.cz\/wp-content\/uploads\/2021\/02\/600podvodni-1024x683.jpg 1024w, https:\/\/www.tamaramelissa.cz\/wp-content\/uploads\/2021\/02\/600podvodni-300x200.jpg 300w, https:\/\/www.tamaramelissa.cz\/wp-content\/uploads\/2021\/02\/600podvodni-768x512.jpg 768w, https:\/\/www.tamaramelissa.cz\/wp-content\/uploads\/2021\/02\/600podvodni-600x400.jpg 600w, https:\/\/www.tamaramelissa.cz\/wp-content\/uploads\/2021\/02\/600podvodni.jpg 1400w\" sizes=\"(max-width: 1024px) 100vw, 1024px\" \/><\/a><\/figure><p>Dovol tepl\u00e9 slan\u00e9 vod\u011b &#8211; zdroji \u017eivota, dechu, tanci, v\u016fn\u00edm, doteku, \u017eiv\u00fdm vibrac\u00edm hudby a p\u0159\u00edtomnosti v Tob\u011b odemknout dve\u0159e v Tob\u011b a nechat vytrysknout font\u00e1nu \u017eivota: Tebe, pro Tebe a v\u0161echny Tv\u00e9 milovan\u00e9. D\u00fdchej, ci\u0165, zp\u00edvej, bu\u010f te\u010f, te\u010f se to d\u011bje, te\u010f \u017dije\u0161. Ty jsi ta z\u00e1\u0159. Vezmi ve\u0161kerou odvahu Tv\u00e9ho srdce a sko\u010d do \u017divota. Te\u010f. Tvo\u0159 Sebe i mn\u011b. Ty jsi t\u00edm sv\u011btlem, kter\u00e9 hled\u00e1\u0161. Ty jsi tou v\u00e1\u0161n\u00ed po kter\u00e9 prahne\u0161, Ty jsi t\u00edm zdrojem. J\u00e1 jsem Ty, Ty jsi J\u00e1, My jsme Jedno.<\/p><p>Bereme T\u011b za ruku, jsme tady pro Tebe, aby ses pak u\u017e d\u00e1l mohla rozlet\u011bt na vlastn\u00edch k\u0159\u00eddlech,<\/p><p>Blanka Sud\u00edkov\u00e1 Kol\u00e1\u0159ov\u00e1, vodn\u00ed kouzelnice&nbsp; a Tamara Melissa, tane\u010dnice a ceremonialistka<\/p><p>20 let p\u0159\u00edtelkyn\u011b, spolutv\u016frkyn\u011b a pr\u016fvodkyn\u011b na Cest\u011b<\/p><figure class=\"wp-block-image alignwide size-large\"><img decoding=\"async\" width=\"1024\" height=\"768\" src=\"https:\/\/www.tamaramelissa.cz\/wp-content\/uploads\/2021\/02\/sdIMG-4732-1024x768.jpg\" alt=\"\" class=\"wp-image-10600\" srcset=\"https:\/\/www.tamaramelissa.cz\/wp-content\/uploads\/2021\/02\/sdIMG-4732-1024x768.jpg 1024w, https:\/\/www.tamaramelissa.cz\/wp-content\/uploads\/2021\/02\/sdIMG-4732-300x225.jpg 300w, https:\/\/www.tamaramelissa.cz\/wp-content\/uploads\/2021\/02\/sdIMG-4732-768x576.jpg 768w, https:\/\/www.tamaramelissa.cz\/wp-content\/uploads\/2021\/02\/sdIMG-4732-600x450.jpg 600w, https:\/\/www.tamaramelissa.cz\/wp-content\/uploads\/2021\/02\/sdIMG-4732.jpg 1400w\" sizes=\"(max-width: 1024px) 100vw, 1024px\" \/><\/figure><p><\/p><p>Kde: Penzion na Vyso\u010din\u011b, Hartmanice&nbsp;<a href=\"http:\/\/www.penzionnavysocine.eu\/\">http:\/\/www.penzionnavysocine.eu\/<\/a>&nbsp;. Kr\u00e1sn\u00e9 m\u00edsto s velk\u00fdm baz\u00e9nem tepl\u00e9 slan\u00e9 vody, kde jsme spolu od roku 2000&nbsp; dvan\u00e1ct let n\u011bkolikr\u00e1t ro\u010dn\u011b prov\u00e1zely obl\u00edben\u00fdmi semin\u00e1\u0159i &#8220;Tanec, dotek a voda jako Cesta \u017deny&#8221;, na kter\u00e9 tento semin\u00e1\u0159 navazuje.<br><br>Cena : 2 250 K\u010d ubytov\u00e1n\u00ed a pln\u00e1 vegetari\u00e1nsk\u00e1 penze&nbsp; (plat\u00ed se na m\u00edst\u011b)<br><br>Lektorn\u00e9 6 000 pro n\u00e1s dv\u011b, kdy jsme Ti&nbsp; 3 dny a 3 noci pln\u011b k dispozici (od \u010dtvrtka do ned\u011ble)<\/p><h3 class=\"wp-block-heading\"><strong>P\u0159ihl\u00e1\u0161ky:&nbsp; <\/strong><\/h3><ul class=\"wp-block-list\"><li><strong><a href=\"https:\/\/kurzy.plavacek-deti.cz\/Account\/Login\">https:\/\/kurzy.plavacek-deti.cz\/Account\/Login<\/a>&nbsp;<\/strong><\/li><\/ul><p><strong>Dotazy Ti r\u00e1da zodpov\u00ed p\u0159\u00edmo Blanka: tel. 608 113 359, mail:&nbsp;<a href=\"mailto:blanka@plavacek-deti.cz\">blanka@plavacek-deti.cz<\/a>&nbsp;<\/strong><\/p><p>Blanka Sud\u00edkov\u00e1 Kol\u00e1\u0159ov\u00e1 je \u017eena spojen\u00e1 p\u0159edev\u0161\u00edm s vodn\u00edm prost\u0159ed\u00edm, vede p\u0159es 25 let sv\u016fj Baby club Plav\u00e1\u010dek, kter\u00fd plave (nejen) s d\u011btmi v n\u011bkolika m\u011bstech na\u0161\u00ed republiky, po\u0159\u00e1d\u00e1 pobyty a semin\u00e1\u0159e a \u017eije na statku na Vyso\u010din\u011b.<\/p><p>Slovy Blanky:<\/p><p>&#8220;Voda je m\u016fj \u017eivot a&nbsp;m\u016fj vd\u011bk se rozpou\u0161t\u00ed v&nbsp;slz\u00e1ch dojet\u00ed.<\/p><p>D\u00edky Vodo za&nbsp;mo\u017enost pom\u00e1hat narozen\u00fdm &nbsp;d\u011btem, kter\u00e9 bol\u00ed b\u0159\u00ed\u0161ko, nep\u0159ib\u00fdvaj\u00ed na&nbsp;v\u00e1ze, jsou pln\u00e9 nap\u011bt\u00ed a&nbsp;pl\u00e1\u010d je jejich jedinou komunikac\u00ed.<\/p><p>D\u00edky Vodo za&nbsp;radost prov\u00e1zet t\u011bhotn\u00e9 maminky p\u0159\u00edpravou na&nbsp;porod, pom\u00e1hat rozpou\u0161t\u011bt jejich strachy a&nbsp;p\u0159ipravovat jejich t\u011blo na&nbsp;propu\u0161t\u011bn\u00ed miminka.<\/p><p>D\u00edky Vodo za&nbsp;\u010di\u0161t\u011bn\u00ed na\u0161ich vzorc\u016f chov\u00e1n\u00ed, za&nbsp;p\u0159episy t\u011b\u017ek\u00fdch porod\u016f a&nbsp;rozpou\u0161t\u011bn\u00ed traumat a&nbsp;blok\u016f, &nbsp;toto v\u0161e se d\u00e1 d\u00edky tob\u011b rozpustit v&nbsp;individu\u00e1ln\u00ed terapii.<\/p><p>Voda a&nbsp;rytmick\u00fd dech je z\u00e1zrakem, za&nbsp;kter\u00fd d\u011bkuji ka\u017ed\u00fd den. V&nbsp;jednoduchosti je s\u00edla, poj\u010fme tedy spolu d\u00fdchat a&nbsp;plout. Vyl\u00e9\u010d\u00edme sebe sama a&nbsp;objev\u00edme d\u011btskou radost z&nbsp;Vody a&nbsp; \u017divota.<\/p><p>D\u00cdKY VODO\u2026.&#8221;<\/p><p>Z archivu hartmanick\u00fdch semin\u00e1\u0159\u016f &#8211; rok 2003 \ud83d\ude42<\/p><figure class=\"wp-block-image alignwide size-large\"><img decoding=\"async\" width=\"1024\" height=\"768\" src=\"https:\/\/www.tamaramelissa.cz\/wp-content\/uploads\/2021\/02\/5BF212E4-50D9-438B-BE40-2C54DA8971C1-1024x768.jpeg\" alt=\"\" class=\"wp-image-10604\" srcset=\"https:\/\/www.tamaramelissa.cz\/wp-content\/uploads\/2021\/02\/5BF212E4-50D9-438B-BE40-2C54DA8971C1-1024x768.jpeg 1024w, https:\/\/www.tamaramelissa.cz\/wp-content\/uploads\/2021\/02\/5BF212E4-50D9-438B-BE40-2C54DA8971C1-300x225.jpeg 300w, https:\/\/www.tamaramelissa.cz\/wp-content\/uploads\/2021\/02\/5BF212E4-50D9-438B-BE40-2C54DA8971C1-768x576.jpeg 768w, https:\/\/www.tamaramelissa.cz\/wp-content\/uploads\/2021\/02\/5BF212E4-50D9-438B-BE40-2C54DA8971C1-1536x1152.jpeg 1536w, https:\/\/www.tamaramelissa.cz\/wp-content\/uploads\/2021\/02\/5BF212E4-50D9-438B-BE40-2C54DA8971C1-2048x1536.jpeg 2048w, https:\/\/www.tamaramelissa.cz\/wp-content\/uploads\/2021\/02\/5BF212E4-50D9-438B-BE40-2C54DA8971C1-600x450.jpeg 600w\" sizes=\"(max-width: 1024px) 100vw, 1024px\" \/><\/figure>","protected":false},"parent":0,"template":"","rok-konani-ritualu":[],"kategorie-ritualu":[234,229],"class_list":["post-11557","akce","type-akce","status-publish","hentry","kategorie-ritualu-eventi-del-fine-settimana","kategorie-ritualu-yachting-e-viaggi"],"aioseo_notices":[],"_links":{"self":[{"href":"https:\/\/www.tamaramelissa.cz\/it\/wp-json\/wp\/v2\/akce\/11557","targetHints":{"allow":["GET"]}}],"collection":[{"href":"https:\/\/www.tamaramelissa.cz\/it\/wp-json\/wp\/v2\/akce"}],"about":[{"href":"https:\/\/www.tamaramelissa.cz\/it\/wp-json\/wp\/v2\/types\/akce"}],"wp:attachment":[{"href":"https:\/\/www.tamaramelissa.cz\/it\/wp-json\/wp\/v2\/media?parent=11557"}],"wp:term":[{"taxonomy":"rok-konani-ritualu","embeddable":true,"href":"https:\/\/www.tamaramelissa.cz\/it\/wp-json\/wp\/v2\/rok-konani-ritualu?post=11557"},{"taxonomy":"kategorie-ritualu","embeddable":true,"href":"https:\/\/www.tamaramelissa.cz\/it\/wp-json\/wp\/v2\/kategorie-ritualu?post=11557"}],"curies":[{"name":"wp","href":"https:\/\/api.w.org\/{rel}","templated":true}]}}