{"id":11556,"date":"2021-03-28T20:23:34","date_gmt":"2021-03-28T18:23:34","guid":{"rendered":"https:\/\/www.tamaramelissa.cz\/akce\/vnitrni-zena-a-leceni-vztahu-s-matkou\/"},"modified":"2021-03-28T20:23:34","modified_gmt":"2021-03-28T18:23:34","slug":"vnitrni-zena-a-leceni-vztahu-s-matkou","status":"publish","type":"akce","link":"https:\/\/www.tamaramelissa.cz\/it\/evento-calendario\/vnitrni-zena-a-leceni-vztahu-s-matkou\/","title":{"rendered":"Vnit\u0159n\u00ed \u017eena a l\u00e9\u010den\u00ed vztahu s matkou"},"content":{"rendered":"<p><strong>[20.5.2020 &#8211;\u00a0Ritu\u00e1l je napln\u011bn, je mo\u017en\u00e9 se hl\u00e1sit pouze jako n\u00e1hradnice]<\/strong><\/p><p>Mil\u00e9 \u017eeny, vzhledem k aktu\u00e1ln\u00ed situaci jsme tento ritu\u00e1l op\u011bt p\u0159esunuli, a to z \u00fanorov\u00e9ho term\u00ednu na tento b\u0159eznov\u00fd (datum v let\u00e1\u010dku bude brzy opraveno). Posunuj\u00ed se tak v\u0161echna t\u00e9mata v Cyklu, data z\u016fst\u00e1vaj\u00ed zachov\u00e1na. D\u011bkujeme za pochopen\u00ed.<\/p><h3 class=\"wp-block-heading\">\u010ctvrt\u00fd ritu\u00e1l v r\u00e1mci otev\u0159en\u00e9ho Dvoulet\u00e9ho transforma\u010dn\u00edho cyklu ritu\u00e1l\u016f Cesta \u017deny.<\/h3><p>Ve\u0161ker\u00e9 informace o Cyklu naleznete\u00a0<a rel=\"noreferrer noopener\" href=\"http:\/\/www.tamaramelissa.cz\/akce\/dvoulety-cyklus-ritualu-cesta-zeny-2020-22.html\" target=\"_blank\">zde<\/a>.<\/p><p><strong>Je mo\u017en\u00e9 p\u0159ihl\u00e1sit se na cyklus cel\u00fd nebo si vybrat a proj\u00edt jen n\u011bkter\u00e1 t\u00e9mata&#8230;<\/strong><\/p><p><em>\u201eKa\u017ed\u00fd den d\u011bkuji vesm\u00edru za to, \u017ee jsem s v\u00e1mi mohla v\u0161e sd\u00edlet a pro\u017e\u00edt s v\u00e1mi neuv\u011b\u0159iteln\u00fd v\u00edkend\u2026 m\u011bl obrovskou moc\u2026 d\u011bkuji, \u017ee jste mi pomohli nach\u00e1zet v sob\u011b \u017eenu a st\u00e1vat se dosp\u011blou\u2026 kone\u010dn\u011b :-)\u201c. Lenka<\/em><\/p><p><br\/><em>\u201eTa lehkost, to \u017ee m\u016f\u017eu kone\u010dn\u011b b\u00fdt sama sebou a ve sv\u00e9m st\u0159edu a nemus\u00edm to hledat nikde v\u016fkol je \u00fa\u017easn\u00e9.\u201c Marcela<\/em><\/p><figure class=\"wp-block-image alignwide size-large\"><img fetchpriority=\"high\" decoding=\"async\" width=\"722\" height=\"1024\" src=\"https:\/\/www.tamaramelissa.cz\/wp-content\/uploads\/2021\/02\/Vnitni-ena-unor-2021-web-1-722x1024.jpg\" alt=\"\" class=\"wp-image-10546\" srcset=\"https:\/\/www.tamaramelissa.cz\/wp-content\/uploads\/2021\/02\/Vnitni-ena-unor-2021-web-1-722x1024.jpg 722w, https:\/\/www.tamaramelissa.cz\/wp-content\/uploads\/2021\/02\/Vnitni-ena-unor-2021-web-1-211x300.jpg 211w, https:\/\/www.tamaramelissa.cz\/wp-content\/uploads\/2021\/02\/Vnitni-ena-unor-2021-web-1-768x1090.jpg 768w, https:\/\/www.tamaramelissa.cz\/wp-content\/uploads\/2021\/02\/Vnitni-ena-unor-2021-web-1-1082x1536.jpg 1082w, https:\/\/www.tamaramelissa.cz\/wp-content\/uploads\/2021\/02\/Vnitni-ena-unor-2021-web-1-1443x2048.jpg 1443w, https:\/\/www.tamaramelissa.cz\/wp-content\/uploads\/2021\/02\/Vnitni-ena-unor-2021-web-1-600x851.jpg 600w, https:\/\/www.tamaramelissa.cz\/wp-content\/uploads\/2021\/02\/Vnitni-ena-unor-2021-web-1-scaled.jpg 1804w\" sizes=\"(max-width: 722px) 100vw, 722px\" \/><\/figure><p>Jak se c\u00edt\u00ed\u0161 jako \u017eena? Jak se c\u00edt\u00ed\u0161 ve sv\u00e9 roli matky? \u017dije\u0161 archetyp \u201ezl\u00e9\u201c nebo \u201ep\u0159edobr\u00e9\u201c matky? Nebo se v\u016fbec boj\u00ed\u0161 st\u00e1t se matkou? Nebo zji\u0161\u0165uje\u0161, \u017ee se ve vztahu s partnerem chov\u00e1\u0161 sp\u00ed\u0161e jako matka ne\u017e jako \u017eena? Mo\u017en\u00e1 za\u010d\u00edn\u00e1\u0161 vn\u00edmat, jak moc je toto v\u0161e tak\u00e9 spojeno s Tv\u00fdm d\u011btstv\u00edm a chov\u00e1n\u00edm a cel\u00fdm \u017eivotem Tv\u00e9 matky\u2026 Na\u0161e matka je \u017eenou, se kterou se od narozen\u00ed nev\u011bdom\u011b identifikujeme a takovou \u017eenou se st\u00e1v\u00e1me\u2026 je obrazem na\u0161\u00ed vnit\u0159n\u00ed \u017eeny, kter\u00fd v\u0161ak m\u016f\u017eeme prom\u011bnit\u2026<\/p><p>Budeme spole\u010dn\u011b pracovat na l\u00e9\u010den\u00ed vztahu s na\u0161\u00ed vlastn\u00ed matkou\u2026zahoj\u00edme r\u00e1ny, dosyt\u00edme pr\u00e1zdnotu, p\u0159est\u0159ihneme ji\u017e d\u00e1vno p\u0159esluhuj\u00edc\u00ed pupe\u010dn\u00ed \u0161\u0148\u016fru a odevzd\u00e1me nefunk\u010dn\u00ed vzorce\u2026skrze l\u00e9\u010den\u00ed cel\u00e9 \u017eensk\u00e9 linie p\u0159ijmeme zp\u011bt svou \u017eenskou s\u00edlu a otev\u0159eme sv\u00e1 srdce jej\u00ed podpo\u0159e\u2026<br\/><br\/>P\u0159izveme tak k sob\u011b zp\u011bt na\u0161i energii, kter\u00e1 ji\u017e nemus\u00ed b\u00fdt v\u00e1z\u00e1na v m\u00edstech na\u0161\u00ed bolesti a m\u016f\u017eeme ji tak pou\u017e\u00edt k vytv\u00e1\u0159en\u00ed hojnosti (n\u011bkdy i v podob\u011b tou\u017eebn\u011b o\u010dek\u00e1van\u00e9ho d\u00edt\u011bte) pro na\u0161e \u017eivoty a \u017eivoty na\u0161ich milovan\u00fdch\u2026<\/p><h3 class=\"wp-block-heading\">Cena ritu\u00e1lu:\u00a0<\/h3><p><strong>4 450 K\u010d\u00a0+<\/strong>\u00a0ubytov\u00e1n\u00ed a pln\u00e1 vegetari\u00e1nsk\u00e1 penze<strong>\u00a01 400 K\u010d\u00a0<\/strong><\/p><h3 class=\"wp-block-heading\">\u010cas a m\u00edsto:\u00a0\u00a0<\/h3><p>Ritu\u00e1ly za\u010d\u00ednaj\u00ed v\u017edy v p\u00e1tek ve\u010de\u0159\u00ed v 18 h a kon\u010d\u00ed v ned\u011bli mezi 15 &#8211; 17 h.<\/p><p>Konaj\u00ed se v Medita\u010dn\u00edm centru\u00a0<a href=\"http:\/\/www.ukamenneryby.cz\/stone_fish\/U_KAMENNE_RYBY.html\" target=\"_blank\" rel=\"noreferrer noopener\">U Kamenn\u00e9 ryby<\/a>, Chrustenice u Berouna (kousek od Prahy)<\/p><p>Ubytov\u00e1n\u00ed \u00a0v apartm\u00e1nech po n\u011bkolika l\u016f\u017ek\u00e1ch s koupelnami v pat\u0159e Centra, p\u0159\u00edpadn\u011b vedle semin\u00e1rn\u00ed m\u00edstnosti nebo ve srubu.<\/p><p>Vynikaj\u00edc\u00ed vegetari\u00e1nsk\u00e1 strava z rukou pan\u00ed domu Karoliny. I ti, kdo d\u00e1vaj\u00ed p\u0159ednost masu, se oblizuj\u00ed!<\/p><p><strong>P\u0159ihl\u00e1sit\u00a0<\/strong>se m\u016f\u017eete\u00a0<a href=\"https:\/\/forms.gle\/XJEy5VoHmMSPi5pDA\" target=\"_blank\" rel=\"noreferrer noopener\"><strong>zde<\/strong><\/a>.<\/p><p><strong>Dotazy<\/strong>\u00a0v\u00e1m r\u00e1da\u00a0zodpov\u00ed asistentka<strong>\u00a0Zuzka Pelcov\u00e1,<\/strong>\u00a0kterou m\u016f\u017eete kontaktovat ve v\u0161edn\u00ed dny 9 &#8211; 17.30 h:\u00a0<\/p><p><strong>e-mail:\u00a0zuzka@tamaramelissa.cz,\u00a0tel.: 775 987 967.<\/strong><\/p><p>M\u00edsto na v\u00edkendu je rezervovan\u00e9, je-li voln\u00e9 m\u00edsto, posl\u00e1na p\u0159ihl\u00e1\u0161ka a uhrazena platba.<\/p>","protected":false},"parent":0,"template":"","rok-konani-ritualu":[],"kategorie-ritualu":[234],"class_list":["post-11556","akce","type-akce","status-publish","hentry","kategorie-ritualu-eventi-del-fine-settimana"],"aioseo_notices":[],"_links":{"self":[{"href":"https:\/\/www.tamaramelissa.cz\/it\/wp-json\/wp\/v2\/akce\/11556","targetHints":{"allow":["GET"]}}],"collection":[{"href":"https:\/\/www.tamaramelissa.cz\/it\/wp-json\/wp\/v2\/akce"}],"about":[{"href":"https:\/\/www.tamaramelissa.cz\/it\/wp-json\/wp\/v2\/types\/akce"}],"wp:attachment":[{"href":"https:\/\/www.tamaramelissa.cz\/it\/wp-json\/wp\/v2\/media?parent=11556"}],"wp:term":[{"taxonomy":"rok-konani-ritualu","embeddable":true,"href":"https:\/\/www.tamaramelissa.cz\/it\/wp-json\/wp\/v2\/rok-konani-ritualu?post=11556"},{"taxonomy":"kategorie-ritualu","embeddable":true,"href":"https:\/\/www.tamaramelissa.cz\/it\/wp-json\/wp\/v2\/kategorie-ritualu?post=11556"}],"curies":[{"name":"wp","href":"https:\/\/api.w.org\/{rel}","templated":true}]}}